{"id":17,"date":"2025-07-21T14:22:10","date_gmt":"2025-07-21T14:22:10","guid":{"rendered":"http:\/\/75.102.58.24\/~davidquerol\/?page_id=17"},"modified":"2026-04-15T10:11:45","modified_gmt":"2026-04-15T10:11:45","slug":"home","status":"publish","type":"page","link":"https:\/\/davidquerol.com\/esp\/","title":{"rendered":"INICIO"},"content":{"rendered":"<div data-elementor-type=\"wp-page\" data-elementor-id=\"17\" class=\"elementor elementor-17\" data-elementor-post-type=\"page\">\n\t\t\t\t<div class=\"elementor-element elementor-element-6c6e5d9 e-con-full e-flex e-con e-parent\" data-id=\"6c6e5d9\" data-element_type=\"container\" data-e-type=\"container\" data-settings=\"{&quot;background_background&quot;:&quot;classic&quot;}\">\n\t\t\t\t<div class=\"elementor-element elementor-element-52d31d5 elementor-invisible elementor-widget elementor-widget-heading\" data-id=\"52d31d5\" data-element_type=\"widget\" data-e-type=\"widget\" data-settings=\"{&quot;_animation&quot;:&quot;fadeInUp&quot;,&quot;_animation_delay&quot;:0}\" data-widget_type=\"heading.default\">\n\t\t\t\t<div class=\"elementor-widget-container\">\n\t\t\t\t\t<h2 class=\"elementor-heading-title elementor-size-default\">david querol<\/h2>\t\t\t\t<\/div>\n\t\t\t\t<\/div>\n\t\t\t\t<div class=\"elementor-element elementor-element-6ab601e elementor-invisible elementor-widget elementor-widget-heading\" data-id=\"6ab601e\" data-element_type=\"widget\" data-e-type=\"widget\" data-settings=\"{&quot;_animation&quot;:&quot;fadeInUp&quot;,&quot;_animation_delay&quot;:250}\" data-widget_type=\"heading.default\">\n\t\t\t\t<div class=\"elementor-widget-container\">\n\t\t\t\t\t<h1 class=\"elementor-heading-title elementor-size-default\">photography<\/h1>\t\t\t\t<\/div>\n\t\t\t\t<\/div>\n\t\t\t\t<div class=\"elementor-element elementor-element-966ed25 elementor-invisible elementor-widget elementor-widget-heading\" data-id=\"966ed25\" data-element_type=\"widget\" data-e-type=\"widget\" data-settings=\"{&quot;_animation&quot;:&quot;fadeInUp&quot;,&quot;_animation_delay&quot;:500}\" data-no-translation=\"\" data-widget_type=\"heading.default\">\n\t\t\t\t<div class=\"elementor-widget-container\">\n\t\t\t\t\t<style>.elementor-element-966ed25{display:none !important}<\/style>\t\t\t\t<\/div>\n\t\t\t\t<\/div>\n\t\t\t\t<div class=\"elementor-element elementor-element-59663ca elementor-invisible elementor-widget elementor-widget-heading\" data-id=\"59663ca\" data-element_type=\"widget\" data-e-type=\"widget\" data-settings=\"{&quot;_animation&quot;:&quot;fadeInUp&quot;,&quot;_animation_delay&quot;:500}\" data-no-translation=\"\" data-widget_type=\"heading.default\">\n\t\t\t\t<div class=\"elementor-widget-container\">\n\t\t\t\t\t<p class=\"elementor-heading-title elementor-size-default\"><br>Fot\u00f3grafo de arquitectura e interiorismo en Barcelona. <br> Con formaci\u00f3n como arquitecto, aporto im\u00e1genes a interioristas y arquitectos para mostrar sus proyectos.<\/p>\t\t\t\t<\/div>\n\t\t\t\t<\/div>\n\t\t\t\t<div class=\"elementor-element elementor-element-06e1565 elementor-invisible elementor-widget elementor-widget-heading\" data-id=\"06e1565\" data-element_type=\"widget\" data-e-type=\"widget\" data-settings=\"{&quot;_animation&quot;:&quot;fadeInUp&quot;,&quot;_animation_delay&quot;:500}\" data-no-translation=\"\" data-widget_type=\"heading.default\">\n\t\t\t\t<div class=\"elementor-widget-container\">\n\t\t\t\t\t<style>.elementor-element-06e1565{display:none !important}<\/style>\t\t\t\t<\/div>\n\t\t\t\t<\/div>\n\t\t\t\t<\/div>\n\t\t<div class=\"elementor-element elementor-element-0ba06c4 e-con-full e-flex e-con e-parent\" data-id=\"0ba06c4\" data-element_type=\"container\" data-e-type=\"container\">\n\t\t\t\t<div class=\"elementor-element elementor-element-bee679f elementor-widget elementor-widget-shortcode\" data-id=\"bee679f\" data-element_type=\"widget\" data-e-type=\"widget\" data-widget_type=\"shortcode.default\">\n\t\t\t\t<div class=\"elementor-widget-container\">\n\t\t\t\t\t\t\t<div class=\"elementor-shortcode\">        <div class=\"swiper cd-carrusel\">\r\n            <div class=\"swiper-wrapper\">\r\n                                    <div class=\"swiper-slide\">\r\n                        <a href=\"https:\/\/davidquerol.com\/esp\/servicio-y-proyecto\/fotografia-arquitectura-diagonal-mar-barcelona\/\" target=\"_blank\" rel=\"noopener noreferrer\">\r\n                            <img fetchpriority=\"high\" decoding=\"async\" width=\"2000\" height=\"1334\" src=\"https:\/\/davidquerol.com\/wp-content\/uploads\/2025\/09\/diagonal-mar-barcelona-salon-vistas-06.webp\" class=\"attachment-full size-full wp-post-image\" alt=\"\" srcset=\"https:\/\/davidquerol.com\/wp-content\/uploads\/2025\/09\/diagonal-mar-barcelona-salon-vistas-06.webp 2000w, https:\/\/davidquerol.com\/wp-content\/uploads\/2025\/09\/diagonal-mar-barcelona-salon-vistas-06-300x200.webp 300w, https:\/\/davidquerol.com\/wp-content\/uploads\/2025\/09\/diagonal-mar-barcelona-salon-vistas-06-1024x683.webp 1024w, https:\/\/davidquerol.com\/wp-content\/uploads\/2025\/09\/diagonal-mar-barcelona-salon-vistas-06-768x512.webp 768w, https:\/\/davidquerol.com\/wp-content\/uploads\/2025\/09\/diagonal-mar-barcelona-salon-vistas-06-1536x1025.webp 1536w, https:\/\/davidquerol.com\/wp-content\/uploads\/2025\/09\/diagonal-mar-barcelona-salon-vistas-06-18x12.webp 18w\" sizes=\"(max-width: 2000px) 100vw, 2000px\" \/>                        <\/a>\r\n                    <\/div>\r\n                                    <div class=\"swiper-slide\">\r\n                        <a href=\"https:\/\/davidquerol.com\/esp\/servicio-y-proyecto\/fotografia-arquitectura-diagonal-mar-barcelona\/\" target=\"_blank\" rel=\"noopener noreferrer\">\r\n                            <img decoding=\"async\" width=\"2000\" height=\"1333\" src=\"https:\/\/davidquerol.com\/wp-content\/uploads\/2025\/09\/diagonal-mar-barcelona-habitacion-dormitorio-vistas-15.webp\" class=\"attachment-full size-full wp-post-image\" alt=\"\" srcset=\"https:\/\/davidquerol.com\/wp-content\/uploads\/2025\/09\/diagonal-mar-barcelona-habitacion-dormitorio-vistas-15.webp 2000w, https:\/\/davidquerol.com\/wp-content\/uploads\/2025\/09\/diagonal-mar-barcelona-habitacion-dormitorio-vistas-15-300x200.webp 300w, https:\/\/davidquerol.com\/wp-content\/uploads\/2025\/09\/diagonal-mar-barcelona-habitacion-dormitorio-vistas-15-1024x682.webp 1024w, https:\/\/davidquerol.com\/wp-content\/uploads\/2025\/09\/diagonal-mar-barcelona-habitacion-dormitorio-vistas-15-768x512.webp 768w, https:\/\/davidquerol.com\/wp-content\/uploads\/2025\/09\/diagonal-mar-barcelona-habitacion-dormitorio-vistas-15-1536x1024.webp 1536w, https:\/\/davidquerol.com\/wp-content\/uploads\/2025\/09\/diagonal-mar-barcelona-habitacion-dormitorio-vistas-15-18x12.webp 18w\" sizes=\"(max-width: 2000px) 100vw, 2000px\" \/>                        <\/a>\r\n                    <\/div>\r\n                                    <div class=\"swiper-slide\">\r\n                        <a href=\"https:\/\/davidquerol.com\/esp\/servicio-y-proyecto\/fotografia-interiorismo-oficinas-recoletos-madrid\/\" target=\"_blank\" rel=\"noopener noreferrer\">\r\n                            <img decoding=\"async\" width=\"2000\" height=\"1333\" src=\"https:\/\/davidquerol.com\/wp-content\/uploads\/2025\/09\/ferruz-oficinas-madrid.webp\" class=\"attachment-full size-full wp-post-image\" alt=\"\" srcset=\"https:\/\/davidquerol.com\/wp-content\/uploads\/2025\/09\/ferruz-oficinas-madrid.webp 2000w, https:\/\/davidquerol.com\/wp-content\/uploads\/2025\/09\/ferruz-oficinas-madrid-300x200.webp 300w, https:\/\/davidquerol.com\/wp-content\/uploads\/2025\/09\/ferruz-oficinas-madrid-1024x682.webp 1024w, https:\/\/davidquerol.com\/wp-content\/uploads\/2025\/09\/ferruz-oficinas-madrid-768x512.webp 768w, https:\/\/davidquerol.com\/wp-content\/uploads\/2025\/09\/ferruz-oficinas-madrid-1536x1024.webp 1536w, https:\/\/davidquerol.com\/wp-content\/uploads\/2025\/09\/ferruz-oficinas-madrid-18x12.webp 18w\" sizes=\"(max-width: 2000px) 100vw, 2000px\" \/>                        <\/a>\r\n                    <\/div>\r\n                                    <div class=\"swiper-slide\">\r\n                        <a href=\"https:\/\/davidquerol.com\/esp\/servicio-y-proyecto\/fotografia-arquitectura-barcelona-loft-david-querol\/\" target=\"_blank\" rel=\"noopener noreferrer\">\r\n                            <img loading=\"lazy\" decoding=\"async\" width=\"2000\" height=\"1334\" src=\"https:\/\/davidquerol.com\/wp-content\/uploads\/2025\/11\/loft-passatge-sert-barcelona-dormitorio-06.webp\" class=\"attachment-full size-full wp-post-image\" alt=\"\" srcset=\"https:\/\/davidquerol.com\/wp-content\/uploads\/2025\/11\/loft-passatge-sert-barcelona-dormitorio-06.webp 2000w, https:\/\/davidquerol.com\/wp-content\/uploads\/2025\/11\/loft-passatge-sert-barcelona-dormitorio-06-300x200.webp 300w, https:\/\/davidquerol.com\/wp-content\/uploads\/2025\/11\/loft-passatge-sert-barcelona-dormitorio-06-1024x683.webp 1024w, https:\/\/davidquerol.com\/wp-content\/uploads\/2025\/11\/loft-passatge-sert-barcelona-dormitorio-06-768x512.webp 768w, https:\/\/davidquerol.com\/wp-content\/uploads\/2025\/11\/loft-passatge-sert-barcelona-dormitorio-06-1536x1025.webp 1536w, https:\/\/davidquerol.com\/wp-content\/uploads\/2025\/11\/loft-passatge-sert-barcelona-dormitorio-06-18x12.webp 18w\" sizes=\"(max-width: 2000px) 100vw, 2000px\" \/>                        <\/a>\r\n                    <\/div>\r\n                                    <div class=\"swiper-slide\">\r\n                        <a href=\"https:\/\/davidquerol.com\/esp\/servicio-y-proyecto\/ca-06\/\" target=\"_blank\" rel=\"noopener noreferrer\">\r\n                            <img loading=\"lazy\" decoding=\"async\" width=\"1500\" height=\"1000\" src=\"https:\/\/davidquerol.com\/wp-content\/uploads\/2025\/10\/CA-06_01.jpg\" class=\"attachment-full size-full wp-post-image\" alt=\"\" srcset=\"https:\/\/davidquerol.com\/wp-content\/uploads\/2025\/10\/CA-06_01.jpg 1500w, https:\/\/davidquerol.com\/wp-content\/uploads\/2025\/10\/CA-06_01-300x200.jpg 300w, https:\/\/davidquerol.com\/wp-content\/uploads\/2025\/10\/CA-06_01-1024x683.jpg 1024w, https:\/\/davidquerol.com\/wp-content\/uploads\/2025\/10\/CA-06_01-768x512.jpg 768w\" sizes=\"(max-width: 1500px) 100vw, 1500px\" \/>                        <\/a>\r\n                    <\/div>\r\n                                    <div class=\"swiper-slide\">\r\n                        <a href=\"https:\/\/davidquerol.com\/esp\/servicio-y-proyecto\/fotografia-interiorismo-poblenou-barcelona-mar-l-prat\/\" target=\"_blank\" rel=\"noopener noreferrer\">\r\n                            <img loading=\"lazy\" decoding=\"async\" width=\"2000\" height=\"1333\" src=\"https:\/\/davidquerol.com\/wp-content\/uploads\/2025\/09\/mar-prat-apartamento-poble-nou-barcelona.webp\" class=\"attachment-full size-full wp-post-image\" alt=\"\" srcset=\"https:\/\/davidquerol.com\/wp-content\/uploads\/2025\/09\/mar-prat-apartamento-poble-nou-barcelona.webp 2000w, https:\/\/davidquerol.com\/wp-content\/uploads\/2025\/09\/mar-prat-apartamento-poble-nou-barcelona-300x200.webp 300w, https:\/\/davidquerol.com\/wp-content\/uploads\/2025\/09\/mar-prat-apartamento-poble-nou-barcelona-1024x682.webp 1024w, https:\/\/davidquerol.com\/wp-content\/uploads\/2025\/09\/mar-prat-apartamento-poble-nou-barcelona-768x512.webp 768w, https:\/\/davidquerol.com\/wp-content\/uploads\/2025\/09\/mar-prat-apartamento-poble-nou-barcelona-1536x1024.webp 1536w, https:\/\/davidquerol.com\/wp-content\/uploads\/2025\/09\/mar-prat-apartamento-poble-nou-barcelona-18x12.webp 18w\" sizes=\"(max-width: 2000px) 100vw, 2000px\" \/>                        <\/a>\r\n                    <\/div>\r\n                                    <div class=\"swiper-slide\">\r\n                        <a href=\"https:\/\/davidquerol.com\/esp\/servicio-y-proyecto\/fotografia-arquitectura-diagonal-mar-barcelona\/\" target=\"_blank\" rel=\"noopener noreferrer\">\r\n                            <img loading=\"lazy\" decoding=\"async\" width=\"2000\" height=\"1333\" src=\"https:\/\/davidquerol.com\/wp-content\/uploads\/2025\/09\/diagonal-mar-barcelona-terraza-vistas-03.webp\" class=\"attachment-full size-full wp-post-image\" alt=\"\" srcset=\"https:\/\/davidquerol.com\/wp-content\/uploads\/2025\/09\/diagonal-mar-barcelona-terraza-vistas-03.webp 2000w, https:\/\/davidquerol.com\/wp-content\/uploads\/2025\/09\/diagonal-mar-barcelona-terraza-vistas-03-300x200.webp 300w, https:\/\/davidquerol.com\/wp-content\/uploads\/2025\/09\/diagonal-mar-barcelona-terraza-vistas-03-1024x682.webp 1024w, https:\/\/davidquerol.com\/wp-content\/uploads\/2025\/09\/diagonal-mar-barcelona-terraza-vistas-03-768x512.webp 768w, https:\/\/davidquerol.com\/wp-content\/uploads\/2025\/09\/diagonal-mar-barcelona-terraza-vistas-03-1536x1024.webp 1536w, https:\/\/davidquerol.com\/wp-content\/uploads\/2025\/09\/diagonal-mar-barcelona-terraza-vistas-03-18x12.webp 18w\" sizes=\"(max-width: 2000px) 100vw, 2000px\" \/>                        <\/a>\r\n                    <\/div>\r\n                                    <div class=\"swiper-slide\">\r\n                        <a href=\"https:\/\/davidquerol.com\/esp\/servicio-y-proyecto\/ml-03\/\" target=\"_blank\" rel=\"noopener noreferrer\">\r\n                            <img loading=\"lazy\" decoding=\"async\" width=\"1500\" height=\"1000\" src=\"https:\/\/davidquerol.com\/wp-content\/uploads\/2025\/09\/24-06-27_AGMA_VILADECAVALLS_47.jpg\" class=\"attachment-full size-full wp-post-image\" alt=\"Slide 5\" srcset=\"https:\/\/davidquerol.com\/wp-content\/uploads\/2025\/09\/24-06-27_AGMA_VILADECAVALLS_47.jpg 1500w, https:\/\/davidquerol.com\/wp-content\/uploads\/2025\/09\/24-06-27_AGMA_VILADECAVALLS_47-300x200.jpg 300w, https:\/\/davidquerol.com\/wp-content\/uploads\/2025\/09\/24-06-27_AGMA_VILADECAVALLS_47-1024x683.jpg 1024w, https:\/\/davidquerol.com\/wp-content\/uploads\/2025\/09\/24-06-27_AGMA_VILADECAVALLS_47-768x512.jpg 768w\" sizes=\"(max-width: 1500px) 100vw, 1500px\" \/>                        <\/a>\r\n                    <\/div>\r\n                                    <div class=\"swiper-slide\">\r\n                        <a href=\"https:\/\/davidquerol.com\/esp\/servicio-y-proyecto\/tuna\/\" target=\"_blank\" rel=\"noopener noreferrer\">\r\n                            <img loading=\"lazy\" decoding=\"async\" width=\"2000\" height=\"1333\" src=\"https:\/\/davidquerol.com\/wp-content\/uploads\/2025\/07\/TUNA_185.webp\" class=\"attachment-full size-full wp-post-image\" alt=\"\" srcset=\"https:\/\/davidquerol.com\/wp-content\/uploads\/2025\/07\/TUNA_185.webp 2000w, https:\/\/davidquerol.com\/wp-content\/uploads\/2025\/07\/TUNA_185-300x200.webp 300w, https:\/\/davidquerol.com\/wp-content\/uploads\/2025\/07\/TUNA_185-1024x682.webp 1024w, https:\/\/davidquerol.com\/wp-content\/uploads\/2025\/07\/TUNA_185-768x512.webp 768w, https:\/\/davidquerol.com\/wp-content\/uploads\/2025\/07\/TUNA_185-1536x1024.webp 1536w, https:\/\/davidquerol.com\/wp-content\/uploads\/2025\/07\/TUNA_185-18x12.webp 18w\" sizes=\"(max-width: 2000px) 100vw, 2000px\" \/>                        <\/a>\r\n                    <\/div>\r\n                                    <div class=\"swiper-slide\">\r\n                        <a href=\"https:\/\/davidquerol.com\/esp\/servicio-y-proyecto\/blackout\/\" target=\"_blank\" rel=\"noopener noreferrer\">\r\n                            <img loading=\"lazy\" decoding=\"async\" width=\"1500\" height=\"1000\" src=\"https:\/\/davidquerol.com\/wp-content\/uploads\/2025\/07\/BLACKOUT-12.jpg\" class=\"attachment-full size-full wp-post-image\" alt=\"\" srcset=\"https:\/\/davidquerol.com\/wp-content\/uploads\/2025\/07\/BLACKOUT-12.jpg 1500w, https:\/\/davidquerol.com\/wp-content\/uploads\/2025\/07\/BLACKOUT-12-300x200.jpg 300w, https:\/\/davidquerol.com\/wp-content\/uploads\/2025\/07\/BLACKOUT-12-1024x683.jpg 1024w, https:\/\/davidquerol.com\/wp-content\/uploads\/2025\/07\/BLACKOUT-12-768x512.jpg 768w\" sizes=\"(max-width: 1500px) 100vw, 1500px\" \/>                        <\/a>\r\n                    <\/div>\r\n                                    <div class=\"swiper-slide\">\r\n                        <a href=\"https:\/\/davidquerol.com\/esp\/servicio-y-proyecto\/blackout\/\" target=\"_blank\" rel=\"noopener noreferrer\">\r\n                            <img loading=\"lazy\" decoding=\"async\" width=\"1500\" height=\"1000\" src=\"https:\/\/davidquerol.com\/wp-content\/uploads\/2025\/07\/BLACKOUT-25.jpg\" class=\"attachment-full size-full wp-post-image\" alt=\"\" srcset=\"https:\/\/davidquerol.com\/wp-content\/uploads\/2025\/07\/BLACKOUT-25.jpg 1500w, https:\/\/davidquerol.com\/wp-content\/uploads\/2025\/07\/BLACKOUT-25-300x200.jpg 300w, https:\/\/davidquerol.com\/wp-content\/uploads\/2025\/07\/BLACKOUT-25-1024x683.jpg 1024w, https:\/\/davidquerol.com\/wp-content\/uploads\/2025\/07\/BLACKOUT-25-768x512.jpg 768w\" sizes=\"(max-width: 1500px) 100vw, 1500px\" \/>                        <\/a>\r\n                    <\/div>\r\n                                    <div class=\"swiper-slide\">\r\n                        <a href=\"https:\/\/davidquerol.com\/esp\/servicio-y-proyecto\/fotografia-interiorismo-barcelona-arsenal-femenino\/\" target=\"_blank\" rel=\"noopener noreferrer\">\r\n                            <img loading=\"lazy\" decoding=\"async\" width=\"2000\" height=\"1333\" src=\"https:\/\/davidquerol.com\/wp-content\/uploads\/2025\/07\/ferruz-arsenal-barcelona-restaurante-coworking-vibia-04.webp\" class=\"attachment-full size-full wp-post-image\" alt=\"\" srcset=\"https:\/\/davidquerol.com\/wp-content\/uploads\/2025\/07\/ferruz-arsenal-barcelona-restaurante-coworking-vibia-04.webp 2000w, https:\/\/davidquerol.com\/wp-content\/uploads\/2025\/07\/ferruz-arsenal-barcelona-restaurante-coworking-vibia-04-300x200.webp 300w, https:\/\/davidquerol.com\/wp-content\/uploads\/2025\/07\/ferruz-arsenal-barcelona-restaurante-coworking-vibia-04-1024x682.webp 1024w, https:\/\/davidquerol.com\/wp-content\/uploads\/2025\/07\/ferruz-arsenal-barcelona-restaurante-coworking-vibia-04-768x512.webp 768w, https:\/\/davidquerol.com\/wp-content\/uploads\/2025\/07\/ferruz-arsenal-barcelona-restaurante-coworking-vibia-04-1536x1024.webp 1536w, https:\/\/davidquerol.com\/wp-content\/uploads\/2025\/07\/ferruz-arsenal-barcelona-restaurante-coworking-vibia-04-18x12.webp 18w\" sizes=\"(max-width: 2000px) 100vw, 2000px\" \/>                        <\/a>\r\n                    <\/div>\r\n                                    <div class=\"swiper-slide\">\r\n                        <a href=\"https:\/\/davidquerol.com\/esp\/servicio-y-proyecto\/interiorismo-call-barcelona\/\" target=\"_blank\" rel=\"noopener noreferrer\">\r\n                            <img loading=\"lazy\" decoding=\"async\" width=\"2550\" height=\"1700\" src=\"https:\/\/davidquerol.com\/wp-content\/uploads\/2026\/03\/EL-CALL-01.webp\" class=\"attachment-full size-full wp-post-image\" alt=\"\" srcset=\"https:\/\/davidquerol.com\/wp-content\/uploads\/2026\/03\/EL-CALL-01.webp 2550w, https:\/\/davidquerol.com\/wp-content\/uploads\/2026\/03\/EL-CALL-01-300x200.webp 300w, https:\/\/davidquerol.com\/wp-content\/uploads\/2026\/03\/EL-CALL-01-1024x683.webp 1024w, https:\/\/davidquerol.com\/wp-content\/uploads\/2026\/03\/EL-CALL-01-768x512.webp 768w, https:\/\/davidquerol.com\/wp-content\/uploads\/2026\/03\/EL-CALL-01-1536x1024.webp 1536w, https:\/\/davidquerol.com\/wp-content\/uploads\/2026\/03\/EL-CALL-01-2048x1365.webp 2048w, https:\/\/davidquerol.com\/wp-content\/uploads\/2026\/03\/EL-CALL-01-18x12.webp 18w\" sizes=\"(max-width: 2550px) 100vw, 2550px\" \/>                        <\/a>\r\n                    <\/div>\r\n                                    <div class=\"swiper-slide\">\r\n                        <a href=\"https:\/\/davidquerol.com\/esp\/servicio-y-proyecto\/mc-17\/\" target=\"_blank\" rel=\"noopener noreferrer\">\r\n                            <img loading=\"lazy\" decoding=\"async\" width=\"1500\" height=\"1000\" src=\"https:\/\/davidquerol.com\/wp-content\/uploads\/2025\/09\/MC-17_02.jpg\" class=\"attachment-full size-full wp-post-image\" alt=\"Slide 19\" srcset=\"https:\/\/davidquerol.com\/wp-content\/uploads\/2025\/09\/MC-17_02.jpg 1500w, https:\/\/davidquerol.com\/wp-content\/uploads\/2025\/09\/MC-17_02-300x200.jpg 300w, https:\/\/davidquerol.com\/wp-content\/uploads\/2025\/09\/MC-17_02-1024x683.jpg 1024w, https:\/\/davidquerol.com\/wp-content\/uploads\/2025\/09\/MC-17_02-768x512.jpg 768w\" sizes=\"(max-width: 1500px) 100vw, 1500px\" \/>                        <\/a>\r\n                    <\/div>\r\n                                    <div class=\"swiper-slide\">\r\n                        <a href=\"https:\/\/davidquerol.com\/esp\/servicio-y-proyecto\/fotografia-interiorismo-casa-bures-barcelona\/\" target=\"_blank\" rel=\"noopener noreferrer\">\r\n                            <img loading=\"lazy\" decoding=\"async\" width=\"2000\" height=\"1333\" src=\"https:\/\/davidquerol.com\/wp-content\/uploads\/2025\/09\/casa-bures-barcelona-piscina-interior-02.webp\" class=\"attachment-full size-full wp-post-image\" alt=\"\" srcset=\"https:\/\/davidquerol.com\/wp-content\/uploads\/2025\/09\/casa-bures-barcelona-piscina-interior-02.webp 2000w, https:\/\/davidquerol.com\/wp-content\/uploads\/2025\/09\/casa-bures-barcelona-piscina-interior-02-300x200.webp 300w, https:\/\/davidquerol.com\/wp-content\/uploads\/2025\/09\/casa-bures-barcelona-piscina-interior-02-1024x682.webp 1024w, https:\/\/davidquerol.com\/wp-content\/uploads\/2025\/09\/casa-bures-barcelona-piscina-interior-02-768x512.webp 768w, https:\/\/davidquerol.com\/wp-content\/uploads\/2025\/09\/casa-bures-barcelona-piscina-interior-02-1536x1024.webp 1536w, https:\/\/davidquerol.com\/wp-content\/uploads\/2025\/09\/casa-bures-barcelona-piscina-interior-02-18x12.webp 18w\" sizes=\"(max-width: 2000px) 100vw, 2000px\" \/>                        <\/a>\r\n                    <\/div>\r\n                                    <div class=\"swiper-slide\">\r\n                        <a href=\"https:\/\/davidquerol.com\/esp\/servicio-y-proyecto\/fotografia-interiorismo-restaurante-bastardos-barcelona\/\" target=\"_blank\" rel=\"noopener noreferrer\">\r\n                            <img loading=\"lazy\" decoding=\"async\" width=\"2000\" height=\"1333\" src=\"https:\/\/davidquerol.com\/wp-content\/uploads\/2025\/09\/restaurante-bastardos-barcelona-estampado-flores-lavabo-02.webp\" class=\"attachment-full size-full wp-post-image\" alt=\"\" srcset=\"https:\/\/davidquerol.com\/wp-content\/uploads\/2025\/09\/restaurante-bastardos-barcelona-estampado-flores-lavabo-02.webp 2000w, https:\/\/davidquerol.com\/wp-content\/uploads\/2025\/09\/restaurante-bastardos-barcelona-estampado-flores-lavabo-02-300x200.webp 300w, https:\/\/davidquerol.com\/wp-content\/uploads\/2025\/09\/restaurante-bastardos-barcelona-estampado-flores-lavabo-02-1024x682.webp 1024w, https:\/\/davidquerol.com\/wp-content\/uploads\/2025\/09\/restaurante-bastardos-barcelona-estampado-flores-lavabo-02-768x512.webp 768w, https:\/\/davidquerol.com\/wp-content\/uploads\/2025\/09\/restaurante-bastardos-barcelona-estampado-flores-lavabo-02-1536x1024.webp 1536w, https:\/\/davidquerol.com\/wp-content\/uploads\/2025\/09\/restaurante-bastardos-barcelona-estampado-flores-lavabo-02-18x12.webp 18w\" sizes=\"(max-width: 2000px) 100vw, 2000px\" \/>                        <\/a>\r\n                    <\/div>\r\n                                    <div class=\"swiper-slide\">\r\n                        <a href=\"https:\/\/davidquerol.com\/esp\/servicio-y-proyecto\/tuna\/\" target=\"_blank\" rel=\"noopener noreferrer\">\r\n                            <img loading=\"lazy\" decoding=\"async\" width=\"2000\" height=\"1333\" src=\"https:\/\/davidquerol.com\/wp-content\/uploads\/2025\/07\/TUNA_027.webp\" class=\"attachment-full size-full wp-post-image\" alt=\"\" srcset=\"https:\/\/davidquerol.com\/wp-content\/uploads\/2025\/07\/TUNA_027.webp 2000w, https:\/\/davidquerol.com\/wp-content\/uploads\/2025\/07\/TUNA_027-300x200.webp 300w, https:\/\/davidquerol.com\/wp-content\/uploads\/2025\/07\/TUNA_027-1024x682.webp 1024w, https:\/\/davidquerol.com\/wp-content\/uploads\/2025\/07\/TUNA_027-768x512.webp 768w, https:\/\/davidquerol.com\/wp-content\/uploads\/2025\/07\/TUNA_027-1536x1024.webp 1536w, https:\/\/davidquerol.com\/wp-content\/uploads\/2025\/07\/TUNA_027-18x12.webp 18w\" sizes=\"(max-width: 2000px) 100vw, 2000px\" \/>                        <\/a>\r\n                    <\/div>\r\n                                    <div class=\"swiper-slide\">\r\n                        <a href=\"https:\/\/davidquerol.com\/esp\/servicio-y-proyecto\/fotografia-arquitectura-diagonal-mar-barcelona\/\" target=\"_blank\" rel=\"noopener noreferrer\">\r\n                            <img loading=\"lazy\" decoding=\"async\" width=\"2000\" height=\"1333\" src=\"https:\/\/davidquerol.com\/wp-content\/uploads\/2025\/09\/diagonal-mar-barcelona-despacho-vistas-09.webp\" class=\"attachment-full size-full wp-post-image\" alt=\"\" srcset=\"https:\/\/davidquerol.com\/wp-content\/uploads\/2025\/09\/diagonal-mar-barcelona-despacho-vistas-09.webp 2000w, https:\/\/davidquerol.com\/wp-content\/uploads\/2025\/09\/diagonal-mar-barcelona-despacho-vistas-09-300x200.webp 300w, https:\/\/davidquerol.com\/wp-content\/uploads\/2025\/09\/diagonal-mar-barcelona-despacho-vistas-09-1024x682.webp 1024w, https:\/\/davidquerol.com\/wp-content\/uploads\/2025\/09\/diagonal-mar-barcelona-despacho-vistas-09-768x512.webp 768w, https:\/\/davidquerol.com\/wp-content\/uploads\/2025\/09\/diagonal-mar-barcelona-despacho-vistas-09-1536x1024.webp 1536w, https:\/\/davidquerol.com\/wp-content\/uploads\/2025\/09\/diagonal-mar-barcelona-despacho-vistas-09-18x12.webp 18w\" sizes=\"(max-width: 2000px) 100vw, 2000px\" \/>                        <\/a>\r\n                    <\/div>\r\n                                    <div class=\"swiper-slide\">\r\n                        <a href=\"https:\/\/davidquerol.com\/esp\/servicio-y-proyecto\/in-291\/\" target=\"_blank\" rel=\"noopener noreferrer\">\r\n                            <img loading=\"lazy\" decoding=\"async\" width=\"1500\" height=\"1000\" src=\"https:\/\/davidquerol.com\/wp-content\/uploads\/2025\/10\/MG_5107-1.jpg\" class=\"attachment-full size-full wp-post-image\" alt=\"\" srcset=\"https:\/\/davidquerol.com\/wp-content\/uploads\/2025\/10\/MG_5107-1.jpg 1500w, https:\/\/davidquerol.com\/wp-content\/uploads\/2025\/10\/MG_5107-1-300x200.jpg 300w, https:\/\/davidquerol.com\/wp-content\/uploads\/2025\/10\/MG_5107-1-1024x683.jpg 1024w, https:\/\/davidquerol.com\/wp-content\/uploads\/2025\/10\/MG_5107-1-768x512.jpg 768w\" sizes=\"(max-width: 1500px) 100vw, 1500px\" \/>                        <\/a>\r\n                    <\/div>\r\n                                    <div class=\"swiper-slide\">\r\n                        <a href=\"https:\/\/davidquerol.com\/esp\/servicio-y-proyecto\/fotografia-interiorismo-via-augusta-barcelona\/\" target=\"_blank\" rel=\"noopener noreferrer\">\r\n                            <img loading=\"lazy\" decoding=\"async\" width=\"2000\" height=\"1333\" src=\"https:\/\/davidquerol.com\/wp-content\/uploads\/2025\/09\/apartamento-duplex-via-augusta-barcelona-entrada-06.webp\" class=\"attachment-full size-full wp-post-image\" alt=\"\" srcset=\"https:\/\/davidquerol.com\/wp-content\/uploads\/2025\/09\/apartamento-duplex-via-augusta-barcelona-entrada-06.webp 2000w, https:\/\/davidquerol.com\/wp-content\/uploads\/2025\/09\/apartamento-duplex-via-augusta-barcelona-entrada-06-300x200.webp 300w, https:\/\/davidquerol.com\/wp-content\/uploads\/2025\/09\/apartamento-duplex-via-augusta-barcelona-entrada-06-1024x682.webp 1024w, https:\/\/davidquerol.com\/wp-content\/uploads\/2025\/09\/apartamento-duplex-via-augusta-barcelona-entrada-06-768x512.webp 768w, https:\/\/davidquerol.com\/wp-content\/uploads\/2025\/09\/apartamento-duplex-via-augusta-barcelona-entrada-06-1536x1024.webp 1536w, https:\/\/davidquerol.com\/wp-content\/uploads\/2025\/09\/apartamento-duplex-via-augusta-barcelona-entrada-06-18x12.webp 18w\" sizes=\"(max-width: 2000px) 100vw, 2000px\" \/>                        <\/a>\r\n                    <\/div>\r\n                                    <div class=\"swiper-slide\">\r\n                        <a href=\"https:\/\/davidquerol.com\/esp\/servicio-y-proyecto\/fotografia-interiorismo-poblenou-barcelona-mar-l-prat\/\" target=\"_blank\" rel=\"noopener noreferrer\">\r\n                            <img loading=\"lazy\" decoding=\"async\" width=\"2000\" height=\"1333\" src=\"https:\/\/davidquerol.com\/wp-content\/uploads\/2025\/09\/mar-prat-apartamento-poble-nou-barcelona-cocina-lamparas-comedor-04.webp\" class=\"attachment-full size-full wp-post-image\" alt=\"\" srcset=\"https:\/\/davidquerol.com\/wp-content\/uploads\/2025\/09\/mar-prat-apartamento-poble-nou-barcelona-cocina-lamparas-comedor-04.webp 2000w, https:\/\/davidquerol.com\/wp-content\/uploads\/2025\/09\/mar-prat-apartamento-poble-nou-barcelona-cocina-lamparas-comedor-04-300x200.webp 300w, https:\/\/davidquerol.com\/wp-content\/uploads\/2025\/09\/mar-prat-apartamento-poble-nou-barcelona-cocina-lamparas-comedor-04-1024x682.webp 1024w, https:\/\/davidquerol.com\/wp-content\/uploads\/2025\/09\/mar-prat-apartamento-poble-nou-barcelona-cocina-lamparas-comedor-04-768x512.webp 768w, https:\/\/davidquerol.com\/wp-content\/uploads\/2025\/09\/mar-prat-apartamento-poble-nou-barcelona-cocina-lamparas-comedor-04-1536x1024.webp 1536w, https:\/\/davidquerol.com\/wp-content\/uploads\/2025\/09\/mar-prat-apartamento-poble-nou-barcelona-cocina-lamparas-comedor-04-18x12.webp 18w\" sizes=\"(max-width: 2000px) 100vw, 2000px\" \/>                        <\/a>\r\n                    <\/div>\r\n                                    <div class=\"swiper-slide\">\r\n                        <a href=\"https:\/\/davidquerol.com\/esp\/servicio-y-proyecto\/fotografia-arquitectura-matadepera-barcelona\/\" target=\"_blank\" rel=\"noopener noreferrer\">\r\n                            <img loading=\"lazy\" decoding=\"async\" width=\"2000\" height=\"1333\" src=\"https:\/\/davidquerol.com\/wp-content\/uploads\/2025\/09\/bao-arquitectura-casa-matadepera-piscina-04.webp\" class=\"attachment-full size-full wp-post-image\" alt=\"\" srcset=\"https:\/\/davidquerol.com\/wp-content\/uploads\/2025\/09\/bao-arquitectura-casa-matadepera-piscina-04.webp 2000w, https:\/\/davidquerol.com\/wp-content\/uploads\/2025\/09\/bao-arquitectura-casa-matadepera-piscina-04-300x200.webp 300w, https:\/\/davidquerol.com\/wp-content\/uploads\/2025\/09\/bao-arquitectura-casa-matadepera-piscina-04-1024x682.webp 1024w, https:\/\/davidquerol.com\/wp-content\/uploads\/2025\/09\/bao-arquitectura-casa-matadepera-piscina-04-768x512.webp 768w, https:\/\/davidquerol.com\/wp-content\/uploads\/2025\/09\/bao-arquitectura-casa-matadepera-piscina-04-1536x1024.webp 1536w, https:\/\/davidquerol.com\/wp-content\/uploads\/2025\/09\/bao-arquitectura-casa-matadepera-piscina-04-18x12.webp 18w\" sizes=\"(max-width: 2000px) 100vw, 2000px\" \/>                        <\/a>\r\n                    <\/div>\r\n                                    <div class=\"swiper-slide\">\r\n                        <a href=\"https:\/\/davidquerol.com\/esp\/servicio-y-proyecto\/fotografia-arquitectura-barcelona-loft-david-querol\/\" target=\"_blank\" rel=\"noopener noreferrer\">\r\n                            <img loading=\"lazy\" decoding=\"async\" width=\"2000\" height=\"1333\" src=\"https:\/\/davidquerol.com\/wp-content\/uploads\/2025\/11\/loft-passatge-sert-barcelona.webp\" class=\"attachment-full size-full wp-post-image\" alt=\"\" srcset=\"https:\/\/davidquerol.com\/wp-content\/uploads\/2025\/11\/loft-passatge-sert-barcelona.webp 2000w, https:\/\/davidquerol.com\/wp-content\/uploads\/2025\/11\/loft-passatge-sert-barcelona-300x200.webp 300w, https:\/\/davidquerol.com\/wp-content\/uploads\/2025\/11\/loft-passatge-sert-barcelona-1024x682.webp 1024w, https:\/\/davidquerol.com\/wp-content\/uploads\/2025\/11\/loft-passatge-sert-barcelona-768x512.webp 768w, https:\/\/davidquerol.com\/wp-content\/uploads\/2025\/11\/loft-passatge-sert-barcelona-1536x1024.webp 1536w, https:\/\/davidquerol.com\/wp-content\/uploads\/2025\/11\/loft-passatge-sert-barcelona-18x12.webp 18w\" sizes=\"(max-width: 2000px) 100vw, 2000px\" \/>                        <\/a>\r\n                    <\/div>\r\n                                    <div class=\"swiper-slide\">\r\n                        <a href=\"https:\/\/davidquerol.com\/esp\/servicio-y-proyecto\/fotografia-arquitectura-callejera-barcelona\/\" target=\"_blank\" rel=\"noopener noreferrer\">\r\n                            <img loading=\"lazy\" decoding=\"async\" width=\"2000\" height=\"1333\" src=\"https:\/\/davidquerol.com\/wp-content\/uploads\/2026\/03\/fotografia-barcelona.webp\" class=\"attachment-full size-full wp-post-image\" alt=\"\" srcset=\"https:\/\/davidquerol.com\/wp-content\/uploads\/2026\/03\/fotografia-barcelona.webp 2000w, https:\/\/davidquerol.com\/wp-content\/uploads\/2026\/03\/fotografia-barcelona-300x200.webp 300w, https:\/\/davidquerol.com\/wp-content\/uploads\/2026\/03\/fotografia-barcelona-1024x682.webp 1024w, https:\/\/davidquerol.com\/wp-content\/uploads\/2026\/03\/fotografia-barcelona-768x512.webp 768w, https:\/\/davidquerol.com\/wp-content\/uploads\/2026\/03\/fotografia-barcelona-1536x1024.webp 1536w, https:\/\/davidquerol.com\/wp-content\/uploads\/2026\/03\/fotografia-barcelona-18x12.webp 18w\" sizes=\"(max-width: 2000px) 100vw, 2000px\" \/>                        <\/a>\r\n                    <\/div>\r\n                                    <div class=\"swiper-slide\">\r\n                        <a href=\"https:\/\/davidquerol.com\/esp\/servicio-y-proyecto\/morir\/\" target=\"_blank\" rel=\"noopener noreferrer\">\r\n                            <img loading=\"lazy\" decoding=\"async\" width=\"1500\" height=\"1000\" src=\"https:\/\/davidquerol.com\/wp-content\/uploads\/2025\/07\/MORIR_11.jpg\" class=\"attachment-full size-full wp-post-image\" alt=\"\" srcset=\"https:\/\/davidquerol.com\/wp-content\/uploads\/2025\/07\/MORIR_11.jpg 1500w, https:\/\/davidquerol.com\/wp-content\/uploads\/2025\/07\/MORIR_11-300x200.jpg 300w, https:\/\/davidquerol.com\/wp-content\/uploads\/2025\/07\/MORIR_11-1024x683.jpg 1024w, https:\/\/davidquerol.com\/wp-content\/uploads\/2025\/07\/MORIR_11-768x512.jpg 768w\" sizes=\"(max-width: 1500px) 100vw, 1500px\" \/>                        <\/a>\r\n                    <\/div>\r\n                                    <div class=\"swiper-slide\">\r\n                        <a href=\"https:\/\/davidquerol.com\/esp\/servicio-y-proyecto\/fotografia-arquitectura-callejera-barcelona\/\" target=\"_blank\" rel=\"noopener noreferrer\">\r\n                            <img loading=\"lazy\" decoding=\"async\" width=\"2000\" height=\"1333\" src=\"https:\/\/davidquerol.com\/wp-content\/uploads\/2026\/03\/fotografia-barcelona-mosaico.webp\" class=\"attachment-full size-full wp-post-image\" alt=\"\" srcset=\"https:\/\/davidquerol.com\/wp-content\/uploads\/2026\/03\/fotografia-barcelona-mosaico.webp 2000w, https:\/\/davidquerol.com\/wp-content\/uploads\/2026\/03\/fotografia-barcelona-mosaico-300x200.webp 300w, https:\/\/davidquerol.com\/wp-content\/uploads\/2026\/03\/fotografia-barcelona-mosaico-1024x682.webp 1024w, https:\/\/davidquerol.com\/wp-content\/uploads\/2026\/03\/fotografia-barcelona-mosaico-768x512.webp 768w, https:\/\/davidquerol.com\/wp-content\/uploads\/2026\/03\/fotografia-barcelona-mosaico-1536x1024.webp 1536w, https:\/\/davidquerol.com\/wp-content\/uploads\/2026\/03\/fotografia-barcelona-mosaico-18x12.webp 18w\" sizes=\"(max-width: 2000px) 100vw, 2000px\" \/>                        <\/a>\r\n                    <\/div>\r\n                                    <div class=\"swiper-slide\">\r\n                        <a href=\"https:\/\/davidquerol.com\/esp\/servicio-y-proyecto\/fotografia-arquitectura-callejera-barcelona\/\" target=\"_blank\" rel=\"noopener noreferrer\">\r\n                            <img loading=\"lazy\" decoding=\"async\" width=\"2000\" height=\"1333\" src=\"https:\/\/davidquerol.com\/wp-content\/uploads\/2026\/03\/fotografia-barcelona-macba-02-14.webp\" class=\"attachment-full size-full wp-post-image\" alt=\"\" srcset=\"https:\/\/davidquerol.com\/wp-content\/uploads\/2026\/03\/fotografia-barcelona-macba-02-14.webp 2000w, https:\/\/davidquerol.com\/wp-content\/uploads\/2026\/03\/fotografia-barcelona-macba-02-14-300x200.webp 300w, https:\/\/davidquerol.com\/wp-content\/uploads\/2026\/03\/fotografia-barcelona-macba-02-14-1024x682.webp 1024w, https:\/\/davidquerol.com\/wp-content\/uploads\/2026\/03\/fotografia-barcelona-macba-02-14-768x512.webp 768w, https:\/\/davidquerol.com\/wp-content\/uploads\/2026\/03\/fotografia-barcelona-macba-02-14-1536x1024.webp 1536w, https:\/\/davidquerol.com\/wp-content\/uploads\/2026\/03\/fotografia-barcelona-macba-02-14-18x12.webp 18w\" sizes=\"(max-width: 2000px) 100vw, 2000px\" \/>                        <\/a>\r\n                    <\/div>\r\n                                    <div class=\"swiper-slide\">\r\n                        <a href=\"https:\/\/davidquerol.com\/esp\/servicio-y-proyecto\/fotografia-arquitectura-matadepera-barcelona\/\" target=\"_blank\" rel=\"noopener noreferrer\">\r\n                            <img loading=\"lazy\" decoding=\"async\" width=\"2000\" height=\"1333\" src=\"https:\/\/davidquerol.com\/wp-content\/uploads\/2025\/09\/bao-arquitectura-casa-matadepera.webp\" class=\"attachment-full size-full wp-post-image\" alt=\"\" srcset=\"https:\/\/davidquerol.com\/wp-content\/uploads\/2025\/09\/bao-arquitectura-casa-matadepera.webp 2000w, https:\/\/davidquerol.com\/wp-content\/uploads\/2025\/09\/bao-arquitectura-casa-matadepera-300x200.webp 300w, https:\/\/davidquerol.com\/wp-content\/uploads\/2025\/09\/bao-arquitectura-casa-matadepera-1024x682.webp 1024w, https:\/\/davidquerol.com\/wp-content\/uploads\/2025\/09\/bao-arquitectura-casa-matadepera-768x512.webp 768w, https:\/\/davidquerol.com\/wp-content\/uploads\/2025\/09\/bao-arquitectura-casa-matadepera-1536x1024.webp 1536w, https:\/\/davidquerol.com\/wp-content\/uploads\/2025\/09\/bao-arquitectura-casa-matadepera-18x12.webp 18w\" sizes=\"(max-width: 2000px) 100vw, 2000px\" \/>                        <\/a>\r\n                    <\/div>\r\n                                    <div class=\"swiper-slide\">\r\n                        <a href=\"https:\/\/davidquerol.com\/esp\/servicio-y-proyecto\/fotografia-inmobiliaria-lujo-sitges-vistas\/\" target=\"_blank\" rel=\"noopener noreferrer\">\r\n                            <img loading=\"lazy\" decoding=\"async\" width=\"2000\" height=\"1333\" src=\"https:\/\/davidquerol.com\/wp-content\/uploads\/2026\/03\/casa-sitges-barcelona-ssalon-comedor-02.webp\" class=\"attachment-full size-full wp-post-image\" alt=\"\" srcset=\"https:\/\/davidquerol.com\/wp-content\/uploads\/2026\/03\/casa-sitges-barcelona-ssalon-comedor-02.webp 2000w, https:\/\/davidquerol.com\/wp-content\/uploads\/2026\/03\/casa-sitges-barcelona-ssalon-comedor-02-300x200.webp 300w, https:\/\/davidquerol.com\/wp-content\/uploads\/2026\/03\/casa-sitges-barcelona-ssalon-comedor-02-1024x682.webp 1024w, https:\/\/davidquerol.com\/wp-content\/uploads\/2026\/03\/casa-sitges-barcelona-ssalon-comedor-02-768x512.webp 768w, https:\/\/davidquerol.com\/wp-content\/uploads\/2026\/03\/casa-sitges-barcelona-ssalon-comedor-02-1536x1024.webp 1536w, https:\/\/davidquerol.com\/wp-content\/uploads\/2026\/03\/casa-sitges-barcelona-ssalon-comedor-02-18x12.webp 18w\" sizes=\"(max-width: 2000px) 100vw, 2000px\" \/>                        <\/a>\r\n                    <\/div>\r\n                                    <div class=\"swiper-slide\">\r\n                        <a href=\"https:\/\/davidquerol.com\/esp\/servicio-y-proyecto\/proyecto-3\/\" target=\"_blank\" rel=\"noopener noreferrer\">\r\n                            <img loading=\"lazy\" decoding=\"async\" width=\"1500\" height=\"1000\" src=\"https:\/\/davidquerol.com\/wp-content\/uploads\/2025\/07\/24-02_INGRID-MATHEU_FLEMING-18_12.jpg\" class=\"attachment-full size-full wp-post-image\" alt=\"\" srcset=\"https:\/\/davidquerol.com\/wp-content\/uploads\/2025\/07\/24-02_INGRID-MATHEU_FLEMING-18_12.jpg 1500w, https:\/\/davidquerol.com\/wp-content\/uploads\/2025\/07\/24-02_INGRID-MATHEU_FLEMING-18_12-300x200.jpg 300w, https:\/\/davidquerol.com\/wp-content\/uploads\/2025\/07\/24-02_INGRID-MATHEU_FLEMING-18_12-1024x683.jpg 1024w, https:\/\/davidquerol.com\/wp-content\/uploads\/2025\/07\/24-02_INGRID-MATHEU_FLEMING-18_12-768x512.jpg 768w\" sizes=\"(max-width: 1500px) 100vw, 1500px\" \/>                        <\/a>\r\n                    <\/div>\r\n                                    <div class=\"swiper-slide\">\r\n                        <a href=\"https:\/\/davidquerol.com\/esp\/servicio-y-proyecto\/dead-end\/\" target=\"_blank\" rel=\"noopener noreferrer\">\r\n                            <img loading=\"lazy\" decoding=\"async\" width=\"1500\" height=\"1000\" src=\"https:\/\/davidquerol.com\/wp-content\/uploads\/2025\/10\/unknown-01.jpg\" class=\"attachment-full size-full wp-post-image\" alt=\"\" srcset=\"https:\/\/davidquerol.com\/wp-content\/uploads\/2025\/10\/unknown-01.jpg 1500w, https:\/\/davidquerol.com\/wp-content\/uploads\/2025\/10\/unknown-01-300x200.jpg 300w, https:\/\/davidquerol.com\/wp-content\/uploads\/2025\/10\/unknown-01-1024x683.jpg 1024w, https:\/\/davidquerol.com\/wp-content\/uploads\/2025\/10\/unknown-01-768x512.jpg 768w\" sizes=\"(max-width: 1500px) 100vw, 1500px\" \/>                        <\/a>\r\n                    <\/div>\r\n                                    <div class=\"swiper-slide\">\r\n                        <a href=\"https:\/\/davidquerol.com\/esp\/servicio-y-proyecto\/fotografia-interiorismo-barcelona-arsenal-femenino\/\" target=\"_blank\" rel=\"noopener noreferrer\">\r\n                            <img loading=\"lazy\" decoding=\"async\" width=\"2000\" height=\"1333\" src=\"https:\/\/davidquerol.com\/wp-content\/uploads\/2025\/07\/ferruz-arsenal-barcelona-restaurante-coworking-vibia-06.webp\" class=\"attachment-full size-full wp-post-image\" alt=\"\" srcset=\"https:\/\/davidquerol.com\/wp-content\/uploads\/2025\/07\/ferruz-arsenal-barcelona-restaurante-coworking-vibia-06.webp 2000w, https:\/\/davidquerol.com\/wp-content\/uploads\/2025\/07\/ferruz-arsenal-barcelona-restaurante-coworking-vibia-06-300x200.webp 300w, https:\/\/davidquerol.com\/wp-content\/uploads\/2025\/07\/ferruz-arsenal-barcelona-restaurante-coworking-vibia-06-1024x682.webp 1024w, https:\/\/davidquerol.com\/wp-content\/uploads\/2025\/07\/ferruz-arsenal-barcelona-restaurante-coworking-vibia-06-768x512.webp 768w, https:\/\/davidquerol.com\/wp-content\/uploads\/2025\/07\/ferruz-arsenal-barcelona-restaurante-coworking-vibia-06-1536x1024.webp 1536w, https:\/\/davidquerol.com\/wp-content\/uploads\/2025\/07\/ferruz-arsenal-barcelona-restaurante-coworking-vibia-06-18x12.webp 18w\" sizes=\"(max-width: 2000px) 100vw, 2000px\" \/>                        <\/a>\r\n                    <\/div>\r\n                                    <div class=\"swiper-slide\">\r\n                        <a href=\"https:\/\/davidquerol.com\/esp\/servicio-y-proyecto\/blackout\/\" target=\"_blank\" rel=\"noopener noreferrer\">\r\n                            <img loading=\"lazy\" decoding=\"async\" width=\"1500\" height=\"1000\" src=\"https:\/\/davidquerol.com\/wp-content\/uploads\/2025\/09\/blackout-30.jpg\" class=\"attachment-full size-full wp-post-image\" alt=\"Slide 6\" srcset=\"https:\/\/davidquerol.com\/wp-content\/uploads\/2025\/09\/blackout-30.jpg 1500w, https:\/\/davidquerol.com\/wp-content\/uploads\/2025\/09\/blackout-30-300x200.jpg 300w, https:\/\/davidquerol.com\/wp-content\/uploads\/2025\/09\/blackout-30-1024x683.jpg 1024w, https:\/\/davidquerol.com\/wp-content\/uploads\/2025\/09\/blackout-30-768x512.jpg 768w\" sizes=\"(max-width: 1500px) 100vw, 1500px\" \/>                        <\/a>\r\n                    <\/div>\r\n                                    <div class=\"swiper-slide\">\r\n                        <a href=\"https:\/\/davidquerol.com\/esp\/servicio-y-proyecto\/fotografia-arquitectura-barcelona-loft-david-querol\/\" target=\"_blank\" rel=\"noopener noreferrer\">\r\n                            <img loading=\"lazy\" decoding=\"async\" width=\"2000\" height=\"1333\" src=\"https:\/\/davidquerol.com\/wp-content\/uploads\/2025\/11\/loft-passatge-sert-barcelona-dormitorio-15.webp\" class=\"attachment-full size-full wp-post-image\" alt=\"\" srcset=\"https:\/\/davidquerol.com\/wp-content\/uploads\/2025\/11\/loft-passatge-sert-barcelona-dormitorio-15.webp 2000w, https:\/\/davidquerol.com\/wp-content\/uploads\/2025\/11\/loft-passatge-sert-barcelona-dormitorio-15-300x200.webp 300w, https:\/\/davidquerol.com\/wp-content\/uploads\/2025\/11\/loft-passatge-sert-barcelona-dormitorio-15-1024x682.webp 1024w, https:\/\/davidquerol.com\/wp-content\/uploads\/2025\/11\/loft-passatge-sert-barcelona-dormitorio-15-768x512.webp 768w, https:\/\/davidquerol.com\/wp-content\/uploads\/2025\/11\/loft-passatge-sert-barcelona-dormitorio-15-1536x1024.webp 1536w, https:\/\/davidquerol.com\/wp-content\/uploads\/2025\/11\/loft-passatge-sert-barcelona-dormitorio-15-18x12.webp 18w\" sizes=\"(max-width: 2000px) 100vw, 2000px\" \/>                        <\/a>\r\n                    <\/div>\r\n                                    <div class=\"swiper-slide\">\r\n                        <a href=\"https:\/\/davidquerol.com\/esp\/servicio-y-proyecto\/tuna\/\" target=\"_blank\" rel=\"noopener noreferrer\">\r\n                            <img loading=\"lazy\" decoding=\"async\" width=\"2000\" height=\"1333\" src=\"https:\/\/davidquerol.com\/wp-content\/uploads\/2025\/07\/TUNA_002.webp\" class=\"attachment-full size-full wp-post-image\" alt=\"\" srcset=\"https:\/\/davidquerol.com\/wp-content\/uploads\/2025\/07\/TUNA_002.webp 2000w, https:\/\/davidquerol.com\/wp-content\/uploads\/2025\/07\/TUNA_002-300x200.webp 300w, https:\/\/davidquerol.com\/wp-content\/uploads\/2025\/07\/TUNA_002-1024x682.webp 1024w, https:\/\/davidquerol.com\/wp-content\/uploads\/2025\/07\/TUNA_002-768x512.webp 768w, https:\/\/davidquerol.com\/wp-content\/uploads\/2025\/07\/TUNA_002-1536x1024.webp 1536w, https:\/\/davidquerol.com\/wp-content\/uploads\/2025\/07\/TUNA_002-18x12.webp 18w\" sizes=\"(max-width: 2000px) 100vw, 2000px\" \/>                        <\/a>\r\n                    <\/div>\r\n                                    <div class=\"swiper-slide\">\r\n                        <a href=\"https:\/\/davidquerol.com\/esp\/servicio-y-proyecto\/fotografia-arquitectura-barcelona-loft-david-querol\/\" target=\"_blank\" rel=\"noopener noreferrer\">\r\n                            <img loading=\"lazy\" decoding=\"async\" width=\"2000\" height=\"1333\" src=\"https:\/\/davidquerol.com\/wp-content\/uploads\/2025\/11\/loft-passatge-sert-barcelona-mobiliario-14.webp\" class=\"attachment-full size-full wp-post-image\" alt=\"\" srcset=\"https:\/\/davidquerol.com\/wp-content\/uploads\/2025\/11\/loft-passatge-sert-barcelona-mobiliario-14.webp 2000w, https:\/\/davidquerol.com\/wp-content\/uploads\/2025\/11\/loft-passatge-sert-barcelona-mobiliario-14-300x200.webp 300w, https:\/\/davidquerol.com\/wp-content\/uploads\/2025\/11\/loft-passatge-sert-barcelona-mobiliario-14-1024x682.webp 1024w, https:\/\/davidquerol.com\/wp-content\/uploads\/2025\/11\/loft-passatge-sert-barcelona-mobiliario-14-768x512.webp 768w, https:\/\/davidquerol.com\/wp-content\/uploads\/2025\/11\/loft-passatge-sert-barcelona-mobiliario-14-1536x1024.webp 1536w, https:\/\/davidquerol.com\/wp-content\/uploads\/2025\/11\/loft-passatge-sert-barcelona-mobiliario-14-18x12.webp 18w\" sizes=\"(max-width: 2000px) 100vw, 2000px\" \/>                        <\/a>\r\n                    <\/div>\r\n                                    <div class=\"swiper-slide\">\r\n                        <a href=\"https:\/\/davidquerol.com\/esp\/servicio-y-proyecto\/fotografia-interiorismo-casa-bures-barcelona\/\" target=\"_blank\" rel=\"noopener noreferrer\">\r\n                            <img loading=\"lazy\" decoding=\"async\" width=\"2000\" height=\"1333\" src=\"https:\/\/davidquerol.com\/wp-content\/uploads\/2025\/09\/casa-bures-barcelona-piscina-interior.webp\" class=\"attachment-full size-full wp-post-image\" alt=\"\" srcset=\"https:\/\/davidquerol.com\/wp-content\/uploads\/2025\/09\/casa-bures-barcelona-piscina-interior.webp 2000w, https:\/\/davidquerol.com\/wp-content\/uploads\/2025\/09\/casa-bures-barcelona-piscina-interior-300x200.webp 300w, https:\/\/davidquerol.com\/wp-content\/uploads\/2025\/09\/casa-bures-barcelona-piscina-interior-1024x682.webp 1024w, https:\/\/davidquerol.com\/wp-content\/uploads\/2025\/09\/casa-bures-barcelona-piscina-interior-768x512.webp 768w, https:\/\/davidquerol.com\/wp-content\/uploads\/2025\/09\/casa-bures-barcelona-piscina-interior-1536x1024.webp 1536w, https:\/\/davidquerol.com\/wp-content\/uploads\/2025\/09\/casa-bures-barcelona-piscina-interior-18x12.webp 18w\" sizes=\"(max-width: 2000px) 100vw, 2000px\" \/>                        <\/a>\r\n                    <\/div>\r\n                                    <div class=\"swiper-slide\">\r\n                        <a href=\"https:\/\/davidquerol.com\/esp\/servicio-y-proyecto\/de-lay-e-d\/\" target=\"_blank\" rel=\"noopener noreferrer\">\r\n                            <img loading=\"lazy\" decoding=\"async\" width=\"1500\" height=\"1000\" src=\"https:\/\/davidquerol.com\/wp-content\/uploads\/2025\/07\/DE-LAY-E-D-05-1.jpg\" class=\"attachment-full size-full wp-post-image\" alt=\"\" srcset=\"https:\/\/davidquerol.com\/wp-content\/uploads\/2025\/07\/DE-LAY-E-D-05-1.jpg 1500w, https:\/\/davidquerol.com\/wp-content\/uploads\/2025\/07\/DE-LAY-E-D-05-1-300x200.jpg 300w, https:\/\/davidquerol.com\/wp-content\/uploads\/2025\/07\/DE-LAY-E-D-05-1-1024x683.jpg 1024w, https:\/\/davidquerol.com\/wp-content\/uploads\/2025\/07\/DE-LAY-E-D-05-1-768x512.jpg 768w\" sizes=\"(max-width: 1500px) 100vw, 1500px\" \/>                        <\/a>\r\n                    <\/div>\r\n                                    <div class=\"swiper-slide\">\r\n                        <a href=\"https:\/\/davidquerol.com\/esp\/servicio-y-proyecto\/fotografia-arquitectura-callejera-barcelona\/\" target=\"_blank\" rel=\"noopener noreferrer\">\r\n                            <img loading=\"lazy\" decoding=\"async\" width=\"2000\" height=\"1333\" src=\"https:\/\/davidquerol.com\/wp-content\/uploads\/2026\/03\/fotografia-barcelona-sarria.webp\" class=\"attachment-full size-full wp-post-image\" alt=\"\" srcset=\"https:\/\/davidquerol.com\/wp-content\/uploads\/2026\/03\/fotografia-barcelona-sarria.webp 2000w, https:\/\/davidquerol.com\/wp-content\/uploads\/2026\/03\/fotografia-barcelona-sarria-300x200.webp 300w, https:\/\/davidquerol.com\/wp-content\/uploads\/2026\/03\/fotografia-barcelona-sarria-1024x682.webp 1024w, https:\/\/davidquerol.com\/wp-content\/uploads\/2026\/03\/fotografia-barcelona-sarria-768x512.webp 768w, https:\/\/davidquerol.com\/wp-content\/uploads\/2026\/03\/fotografia-barcelona-sarria-1536x1024.webp 1536w, https:\/\/davidquerol.com\/wp-content\/uploads\/2026\/03\/fotografia-barcelona-sarria-18x12.webp 18w\" sizes=\"(max-width: 2000px) 100vw, 2000px\" \/>                        <\/a>\r\n                    <\/div>\r\n                                    <div class=\"swiper-slide\">\r\n                        <a href=\"https:\/\/davidquerol.com\/esp\/servicio-y-proyecto\/in-291\/\" target=\"_blank\" rel=\"noopener noreferrer\">\r\n                            <img loading=\"lazy\" decoding=\"async\" width=\"1500\" height=\"1000\" src=\"https:\/\/davidquerol.com\/wp-content\/uploads\/2025\/10\/MG_8705-1.jpg\" class=\"attachment-full size-full wp-post-image\" alt=\"\" srcset=\"https:\/\/davidquerol.com\/wp-content\/uploads\/2025\/10\/MG_8705-1.jpg 1500w, https:\/\/davidquerol.com\/wp-content\/uploads\/2025\/10\/MG_8705-1-300x200.jpg 300w, https:\/\/davidquerol.com\/wp-content\/uploads\/2025\/10\/MG_8705-1-1024x683.jpg 1024w, https:\/\/davidquerol.com\/wp-content\/uploads\/2025\/10\/MG_8705-1-768x512.jpg 768w\" sizes=\"(max-width: 1500px) 100vw, 1500px\" \/>                        <\/a>\r\n                    <\/div>\r\n                                    <div class=\"swiper-slide\">\r\n                        <a href=\"https:\/\/davidquerol.com\/esp\/servicio-y-proyecto\/fotografia-arquitectura-barcelona-loft-david-querol\/\" target=\"_blank\" rel=\"noopener noreferrer\">\r\n                            <img loading=\"lazy\" decoding=\"async\" width=\"2000\" height=\"1333\" src=\"https:\/\/davidquerol.com\/wp-content\/uploads\/2025\/11\/loft-passatge-sert-barcelona-salon-08.webp\" class=\"attachment-full size-full wp-post-image\" alt=\"\" srcset=\"https:\/\/davidquerol.com\/wp-content\/uploads\/2025\/11\/loft-passatge-sert-barcelona-salon-08.webp 2000w, https:\/\/davidquerol.com\/wp-content\/uploads\/2025\/11\/loft-passatge-sert-barcelona-salon-08-300x200.webp 300w, https:\/\/davidquerol.com\/wp-content\/uploads\/2025\/11\/loft-passatge-sert-barcelona-salon-08-1024x682.webp 1024w, https:\/\/davidquerol.com\/wp-content\/uploads\/2025\/11\/loft-passatge-sert-barcelona-salon-08-768x512.webp 768w, https:\/\/davidquerol.com\/wp-content\/uploads\/2025\/11\/loft-passatge-sert-barcelona-salon-08-1536x1024.webp 1536w, https:\/\/davidquerol.com\/wp-content\/uploads\/2025\/11\/loft-passatge-sert-barcelona-salon-08-18x12.webp 18w\" sizes=\"(max-width: 2000px) 100vw, 2000px\" \/>                        <\/a>\r\n                    <\/div>\r\n                                    <div class=\"swiper-slide\">\r\n                        <a href=\"https:\/\/davidquerol.com\/esp\/servicio-y-proyecto\/fotografia-arquitectura-barcelona-loft-david-querol\/\" target=\"_blank\" rel=\"noopener noreferrer\">\r\n                            <img loading=\"lazy\" decoding=\"async\" width=\"2000\" height=\"1334\" src=\"https:\/\/davidquerol.com\/wp-content\/uploads\/2025\/11\/loft-passatge-sert-barcelona-cocina-09.webp\" class=\"attachment-full size-full wp-post-image\" alt=\"\" srcset=\"https:\/\/davidquerol.com\/wp-content\/uploads\/2025\/11\/loft-passatge-sert-barcelona-cocina-09.webp 2000w, https:\/\/davidquerol.com\/wp-content\/uploads\/2025\/11\/loft-passatge-sert-barcelona-cocina-09-300x200.webp 300w, https:\/\/davidquerol.com\/wp-content\/uploads\/2025\/11\/loft-passatge-sert-barcelona-cocina-09-1024x683.webp 1024w, https:\/\/davidquerol.com\/wp-content\/uploads\/2025\/11\/loft-passatge-sert-barcelona-cocina-09-768x512.webp 768w, https:\/\/davidquerol.com\/wp-content\/uploads\/2025\/11\/loft-passatge-sert-barcelona-cocina-09-1536x1025.webp 1536w, https:\/\/davidquerol.com\/wp-content\/uploads\/2025\/11\/loft-passatge-sert-barcelona-cocina-09-18x12.webp 18w\" sizes=\"(max-width: 2000px) 100vw, 2000px\" \/>                        <\/a>\r\n                    <\/div>\r\n                                    <div class=\"swiper-slide\">\r\n                        <a href=\"https:\/\/davidquerol.com\/esp\/servicio-y-proyecto\/fotografia-inmobiliaria-lujo-sitges-vistas\/\" target=\"_blank\" rel=\"noopener noreferrer\">\r\n                            <img loading=\"lazy\" decoding=\"async\" width=\"2000\" height=\"1333\" src=\"https:\/\/davidquerol.com\/wp-content\/uploads\/2026\/03\/casa-sitges-barcelona.webp\" class=\"attachment-full size-full wp-post-image\" alt=\"\" srcset=\"https:\/\/davidquerol.com\/wp-content\/uploads\/2026\/03\/casa-sitges-barcelona.webp 2000w, https:\/\/davidquerol.com\/wp-content\/uploads\/2026\/03\/casa-sitges-barcelona-300x200.webp 300w, https:\/\/davidquerol.com\/wp-content\/uploads\/2026\/03\/casa-sitges-barcelona-1024x682.webp 1024w, https:\/\/davidquerol.com\/wp-content\/uploads\/2026\/03\/casa-sitges-barcelona-768x512.webp 768w, https:\/\/davidquerol.com\/wp-content\/uploads\/2026\/03\/casa-sitges-barcelona-1536x1024.webp 1536w, https:\/\/davidquerol.com\/wp-content\/uploads\/2026\/03\/casa-sitges-barcelona-18x12.webp 18w\" sizes=\"(max-width: 2000px) 100vw, 2000px\" \/>                        <\/a>\r\n                    <\/div>\r\n                                    <div class=\"swiper-slide\">\r\n                        <a href=\"https:\/\/davidquerol.com\/esp\/servicio-y-proyecto\/proyecto-3\/\" target=\"_blank\" rel=\"noopener noreferrer\">\r\n                            <img loading=\"lazy\" decoding=\"async\" width=\"1500\" height=\"1000\" src=\"https:\/\/davidquerol.com\/wp-content\/uploads\/2025\/07\/24-02_INGRID-MATHEU_FLEMING-18_07.jpg\" class=\"attachment-full size-full wp-post-image\" alt=\"\" srcset=\"https:\/\/davidquerol.com\/wp-content\/uploads\/2025\/07\/24-02_INGRID-MATHEU_FLEMING-18_07.jpg 1500w, https:\/\/davidquerol.com\/wp-content\/uploads\/2025\/07\/24-02_INGRID-MATHEU_FLEMING-18_07-300x200.jpg 300w, https:\/\/davidquerol.com\/wp-content\/uploads\/2025\/07\/24-02_INGRID-MATHEU_FLEMING-18_07-1024x683.jpg 1024w, https:\/\/davidquerol.com\/wp-content\/uploads\/2025\/07\/24-02_INGRID-MATHEU_FLEMING-18_07-768x512.jpg 768w\" sizes=\"(max-width: 1500px) 100vw, 1500px\" \/>                        <\/a>\r\n                    <\/div>\r\n                                    <div class=\"swiper-slide\">\r\n                        <a href=\"\" target=\"_blank\" rel=\"noopener noreferrer\">\r\n                            <img loading=\"lazy\" decoding=\"async\" width=\"2000\" height=\"1333\" src=\"https:\/\/davidquerol.com\/wp-content\/uploads\/2025\/11\/loft-passatge-sert-barcelona-cocina-10.webp\" class=\"attachment-full size-full wp-post-image\" alt=\"\" srcset=\"https:\/\/davidquerol.com\/wp-content\/uploads\/2025\/11\/loft-passatge-sert-barcelona-cocina-10.webp 2000w, https:\/\/davidquerol.com\/wp-content\/uploads\/2025\/11\/loft-passatge-sert-barcelona-cocina-10-300x200.webp 300w, https:\/\/davidquerol.com\/wp-content\/uploads\/2025\/11\/loft-passatge-sert-barcelona-cocina-10-1024x682.webp 1024w, https:\/\/davidquerol.com\/wp-content\/uploads\/2025\/11\/loft-passatge-sert-barcelona-cocina-10-768x512.webp 768w, https:\/\/davidquerol.com\/wp-content\/uploads\/2025\/11\/loft-passatge-sert-barcelona-cocina-10-1536x1024.webp 1536w, https:\/\/davidquerol.com\/wp-content\/uploads\/2025\/11\/loft-passatge-sert-barcelona-cocina-10-18x12.webp 18w\" sizes=\"(max-width: 2000px) 100vw, 2000px\" \/>                        <\/a>\r\n                    <\/div>\r\n                                    <div class=\"swiper-slide\">\r\n                        <a href=\"https:\/\/davidquerol.com\/esp\/servicio-y-proyecto\/fotografia-arquitectura-diagonal-mar-barcelona\/\" target=\"_blank\" rel=\"noopener noreferrer\">\r\n                            <img loading=\"lazy\" decoding=\"async\" width=\"2000\" height=\"1333\" src=\"https:\/\/davidquerol.com\/wp-content\/uploads\/2025\/09\/diagonal-mar-barcelona-reflejo-fachada-skyline-05.webp\" class=\"attachment-full size-full wp-post-image\" alt=\"\" srcset=\"https:\/\/davidquerol.com\/wp-content\/uploads\/2025\/09\/diagonal-mar-barcelona-reflejo-fachada-skyline-05.webp 2000w, https:\/\/davidquerol.com\/wp-content\/uploads\/2025\/09\/diagonal-mar-barcelona-reflejo-fachada-skyline-05-300x200.webp 300w, https:\/\/davidquerol.com\/wp-content\/uploads\/2025\/09\/diagonal-mar-barcelona-reflejo-fachada-skyline-05-1024x682.webp 1024w, https:\/\/davidquerol.com\/wp-content\/uploads\/2025\/09\/diagonal-mar-barcelona-reflejo-fachada-skyline-05-768x512.webp 768w, https:\/\/davidquerol.com\/wp-content\/uploads\/2025\/09\/diagonal-mar-barcelona-reflejo-fachada-skyline-05-1536x1024.webp 1536w, https:\/\/davidquerol.com\/wp-content\/uploads\/2025\/09\/diagonal-mar-barcelona-reflejo-fachada-skyline-05-18x12.webp 18w\" sizes=\"(max-width: 2000px) 100vw, 2000px\" \/>                        <\/a>\r\n                    <\/div>\r\n                                    <div class=\"swiper-slide\">\r\n                        <a href=\"https:\/\/davidquerol.com\/esp\/servicio-y-proyecto\/tuna\/\" target=\"_blank\" rel=\"noopener noreferrer\">\r\n                            <img loading=\"lazy\" decoding=\"async\" width=\"2000\" height=\"1333\" src=\"https:\/\/davidquerol.com\/wp-content\/uploads\/2025\/07\/TUNA_029.webp\" class=\"attachment-full size-full wp-post-image\" alt=\"\" srcset=\"https:\/\/davidquerol.com\/wp-content\/uploads\/2025\/07\/TUNA_029.webp 2000w, https:\/\/davidquerol.com\/wp-content\/uploads\/2025\/07\/TUNA_029-300x200.webp 300w, https:\/\/davidquerol.com\/wp-content\/uploads\/2025\/07\/TUNA_029-1024x682.webp 1024w, https:\/\/davidquerol.com\/wp-content\/uploads\/2025\/07\/TUNA_029-768x512.webp 768w, https:\/\/davidquerol.com\/wp-content\/uploads\/2025\/07\/TUNA_029-1536x1024.webp 1536w, https:\/\/davidquerol.com\/wp-content\/uploads\/2025\/07\/TUNA_029-18x12.webp 18w\" sizes=\"(max-width: 2000px) 100vw, 2000px\" \/>                        <\/a>\r\n                    <\/div>\r\n                                    <div class=\"swiper-slide\">\r\n                        <a href=\"\" target=\"_blank\" rel=\"noopener noreferrer\">\r\n                            <img loading=\"lazy\" decoding=\"async\" width=\"1500\" height=\"1000\" src=\"https:\/\/davidquerol.com\/wp-content\/uploads\/2025\/10\/18-11-16_LUX_BCN_FOIX-72-6-1_01-1.jpg\" class=\"attachment-full size-full wp-post-image\" alt=\"\" srcset=\"https:\/\/davidquerol.com\/wp-content\/uploads\/2025\/10\/18-11-16_LUX_BCN_FOIX-72-6-1_01-1.jpg 1500w, https:\/\/davidquerol.com\/wp-content\/uploads\/2025\/10\/18-11-16_LUX_BCN_FOIX-72-6-1_01-1-300x200.jpg 300w, https:\/\/davidquerol.com\/wp-content\/uploads\/2025\/10\/18-11-16_LUX_BCN_FOIX-72-6-1_01-1-1024x683.jpg 1024w, https:\/\/davidquerol.com\/wp-content\/uploads\/2025\/10\/18-11-16_LUX_BCN_FOIX-72-6-1_01-1-768x512.jpg 768w\" sizes=\"(max-width: 1500px) 100vw, 1500px\" \/>                        <\/a>\r\n                    <\/div>\r\n                                    <div class=\"swiper-slide\">\r\n                        <a href=\"https:\/\/davidquerol.com\/esp\/servicio-y-proyecto\/fotografia-arquitectura-diagonal-mar-barcelona\/\" target=\"_blank\" rel=\"noopener noreferrer\">\r\n                            <img loading=\"lazy\" decoding=\"async\" width=\"2000\" height=\"1334\" src=\"https:\/\/davidquerol.com\/wp-content\/uploads\/2025\/09\/diagonal-mar-barcelona-habitacion-dormitorio-vistas-11.webp\" class=\"attachment-full size-full wp-post-image\" alt=\"\" srcset=\"https:\/\/davidquerol.com\/wp-content\/uploads\/2025\/09\/diagonal-mar-barcelona-habitacion-dormitorio-vistas-11.webp 2000w, https:\/\/davidquerol.com\/wp-content\/uploads\/2025\/09\/diagonal-mar-barcelona-habitacion-dormitorio-vistas-11-300x200.webp 300w, https:\/\/davidquerol.com\/wp-content\/uploads\/2025\/09\/diagonal-mar-barcelona-habitacion-dormitorio-vistas-11-1024x683.webp 1024w, https:\/\/davidquerol.com\/wp-content\/uploads\/2025\/09\/diagonal-mar-barcelona-habitacion-dormitorio-vistas-11-768x512.webp 768w, https:\/\/davidquerol.com\/wp-content\/uploads\/2025\/09\/diagonal-mar-barcelona-habitacion-dormitorio-vistas-11-1536x1025.webp 1536w, https:\/\/davidquerol.com\/wp-content\/uploads\/2025\/09\/diagonal-mar-barcelona-habitacion-dormitorio-vistas-11-18x12.webp 18w\" sizes=\"(max-width: 2000px) 100vw, 2000px\" \/>                        <\/a>\r\n                    <\/div>\r\n                                    <div class=\"swiper-slide\">\r\n                        <a href=\"https:\/\/davidquerol.com\/esp\/servicio-y-proyecto\/fotografia-interiorismo-casa-bures-barcelona\/\" target=\"_blank\" rel=\"noopener noreferrer\">\r\n                            <img loading=\"lazy\" decoding=\"async\" width=\"2000\" height=\"1333\" src=\"https:\/\/davidquerol.com\/wp-content\/uploads\/2025\/09\/casa-bures-barcelona-salon-luminoso.webp\" class=\"attachment-full size-full wp-post-image\" alt=\"\" srcset=\"https:\/\/davidquerol.com\/wp-content\/uploads\/2025\/09\/casa-bures-barcelona-salon-luminoso.webp 2000w, https:\/\/davidquerol.com\/wp-content\/uploads\/2025\/09\/casa-bures-barcelona-salon-luminoso-300x200.webp 300w, https:\/\/davidquerol.com\/wp-content\/uploads\/2025\/09\/casa-bures-barcelona-salon-luminoso-1024x682.webp 1024w, https:\/\/davidquerol.com\/wp-content\/uploads\/2025\/09\/casa-bures-barcelona-salon-luminoso-768x512.webp 768w, https:\/\/davidquerol.com\/wp-content\/uploads\/2025\/09\/casa-bures-barcelona-salon-luminoso-1536x1024.webp 1536w, https:\/\/davidquerol.com\/wp-content\/uploads\/2025\/09\/casa-bures-barcelona-salon-luminoso-18x12.webp 18w\" sizes=\"(max-width: 2000px) 100vw, 2000px\" \/>                        <\/a>\r\n                    <\/div>\r\n                                    <div class=\"swiper-slide\">\r\n                        <a href=\"https:\/\/davidquerol.com\/esp\/servicio-y-proyecto\/fotografia-arquitectura-barcelona-ciutat-justicia\/\" target=\"_blank\" rel=\"noopener noreferrer\">\r\n                            <img loading=\"lazy\" decoding=\"async\" width=\"2000\" height=\"1334\" src=\"https:\/\/davidquerol.com\/wp-content\/uploads\/2025\/09\/chipperfield-ciutat-justicia-barcelona-plaza-06.webp\" class=\"attachment-full size-full wp-post-image\" alt=\"\" srcset=\"https:\/\/davidquerol.com\/wp-content\/uploads\/2025\/09\/chipperfield-ciutat-justicia-barcelona-plaza-06.webp 2000w, https:\/\/davidquerol.com\/wp-content\/uploads\/2025\/09\/chipperfield-ciutat-justicia-barcelona-plaza-06-300x200.webp 300w, https:\/\/davidquerol.com\/wp-content\/uploads\/2025\/09\/chipperfield-ciutat-justicia-barcelona-plaza-06-1024x683.webp 1024w, https:\/\/davidquerol.com\/wp-content\/uploads\/2025\/09\/chipperfield-ciutat-justicia-barcelona-plaza-06-768x512.webp 768w, https:\/\/davidquerol.com\/wp-content\/uploads\/2025\/09\/chipperfield-ciutat-justicia-barcelona-plaza-06-1536x1025.webp 1536w, https:\/\/davidquerol.com\/wp-content\/uploads\/2025\/09\/chipperfield-ciutat-justicia-barcelona-plaza-06-18x12.webp 18w\" sizes=\"(max-width: 2000px) 100vw, 2000px\" \/>                        <\/a>\r\n                    <\/div>\r\n                                    <div class=\"swiper-slide\">\r\n                        <a href=\"https:\/\/davidquerol.com\/esp\/servicio-y-proyecto\/fotografia-interiorismo-via-augusta-barcelona\/\" target=\"_blank\" rel=\"noopener noreferrer\">\r\n                            <img loading=\"lazy\" decoding=\"async\" width=\"2000\" height=\"1333\" src=\"https:\/\/davidquerol.com\/wp-content\/uploads\/2025\/09\/apartamento-duplex-via-augusta-barcelona-salon-comedor-02.webp\" class=\"attachment-full size-full wp-post-image\" alt=\"\" srcset=\"https:\/\/davidquerol.com\/wp-content\/uploads\/2025\/09\/apartamento-duplex-via-augusta-barcelona-salon-comedor-02.webp 2000w, https:\/\/davidquerol.com\/wp-content\/uploads\/2025\/09\/apartamento-duplex-via-augusta-barcelona-salon-comedor-02-300x200.webp 300w, https:\/\/davidquerol.com\/wp-content\/uploads\/2025\/09\/apartamento-duplex-via-augusta-barcelona-salon-comedor-02-1024x682.webp 1024w, https:\/\/davidquerol.com\/wp-content\/uploads\/2025\/09\/apartamento-duplex-via-augusta-barcelona-salon-comedor-02-768x512.webp 768w, https:\/\/davidquerol.com\/wp-content\/uploads\/2025\/09\/apartamento-duplex-via-augusta-barcelona-salon-comedor-02-1536x1024.webp 1536w, https:\/\/davidquerol.com\/wp-content\/uploads\/2025\/09\/apartamento-duplex-via-augusta-barcelona-salon-comedor-02-18x12.webp 18w\" sizes=\"(max-width: 2000px) 100vw, 2000px\" \/>                        <\/a>\r\n                    <\/div>\r\n                                    <div class=\"swiper-slide\">\r\n                        <a href=\"https:\/\/davidquerol.com\/esp\/servicio-y-proyecto\/tuna\/\" target=\"_blank\" rel=\"noopener noreferrer\">\r\n                            <img loading=\"lazy\" decoding=\"async\" width=\"2000\" height=\"1333\" src=\"https:\/\/davidquerol.com\/wp-content\/uploads\/2025\/07\/TUNA_031.webp\" class=\"attachment-full size-full wp-post-image\" alt=\"\" srcset=\"https:\/\/davidquerol.com\/wp-content\/uploads\/2025\/07\/TUNA_031.webp 2000w, https:\/\/davidquerol.com\/wp-content\/uploads\/2025\/07\/TUNA_031-300x200.webp 300w, https:\/\/davidquerol.com\/wp-content\/uploads\/2025\/07\/TUNA_031-1024x682.webp 1024w, https:\/\/davidquerol.com\/wp-content\/uploads\/2025\/07\/TUNA_031-768x512.webp 768w, https:\/\/davidquerol.com\/wp-content\/uploads\/2025\/07\/TUNA_031-1536x1024.webp 1536w, https:\/\/davidquerol.com\/wp-content\/uploads\/2025\/07\/TUNA_031-18x12.webp 18w\" sizes=\"(max-width: 2000px) 100vw, 2000px\" \/>                        <\/a>\r\n                    <\/div>\r\n                                    <div class=\"swiper-slide\">\r\n                        <a href=\"https:\/\/davidquerol.com\/esp\/servicio-y-proyecto\/fotografia-arquitectura-barcelona-ciutat-justicia\/\" target=\"_blank\" rel=\"noopener noreferrer\">\r\n                            <img loading=\"lazy\" decoding=\"async\" width=\"2000\" height=\"1333\" src=\"https:\/\/davidquerol.com\/wp-content\/uploads\/2025\/09\/chipperfield-ciutat-justicia-barcelona-parking-02.webp\" class=\"attachment-full size-full wp-post-image\" alt=\"\" srcset=\"https:\/\/davidquerol.com\/wp-content\/uploads\/2025\/09\/chipperfield-ciutat-justicia-barcelona-parking-02.webp 2000w, https:\/\/davidquerol.com\/wp-content\/uploads\/2025\/09\/chipperfield-ciutat-justicia-barcelona-parking-02-300x200.webp 300w, https:\/\/davidquerol.com\/wp-content\/uploads\/2025\/09\/chipperfield-ciutat-justicia-barcelona-parking-02-1024x682.webp 1024w, https:\/\/davidquerol.com\/wp-content\/uploads\/2025\/09\/chipperfield-ciutat-justicia-barcelona-parking-02-768x512.webp 768w, https:\/\/davidquerol.com\/wp-content\/uploads\/2025\/09\/chipperfield-ciutat-justicia-barcelona-parking-02-1536x1024.webp 1536w, https:\/\/davidquerol.com\/wp-content\/uploads\/2025\/09\/chipperfield-ciutat-justicia-barcelona-parking-02-18x12.webp 18w\" sizes=\"(max-width: 2000px) 100vw, 2000px\" \/>                        <\/a>\r\n                    <\/div>\r\n                                    <div class=\"swiper-slide\">\r\n                        <a href=\"https:\/\/davidquerol.com\/esp\/servicio-y-proyecto\/moltenic\/\" target=\"_blank\" rel=\"noopener noreferrer\">\r\n                            <img loading=\"lazy\" decoding=\"async\" width=\"1500\" height=\"1000\" src=\"https:\/\/davidquerol.com\/wp-content\/uploads\/2025\/09\/MOLTENI_01.jpg\" class=\"attachment-full size-full wp-post-image\" alt=\"\" srcset=\"https:\/\/davidquerol.com\/wp-content\/uploads\/2025\/09\/MOLTENI_01.jpg 1500w, https:\/\/davidquerol.com\/wp-content\/uploads\/2025\/09\/MOLTENI_01-300x200.jpg 300w, https:\/\/davidquerol.com\/wp-content\/uploads\/2025\/09\/MOLTENI_01-1024x683.jpg 1024w, https:\/\/davidquerol.com\/wp-content\/uploads\/2025\/09\/MOLTENI_01-768x512.jpg 768w\" sizes=\"(max-width: 1500px) 100vw, 1500px\" \/>                        <\/a>\r\n                    <\/div>\r\n                                    <div class=\"swiper-slide\">\r\n                        <a href=\"https:\/\/davidquerol.com\/esp\/servicio-y-proyecto\/dead-end\/\" target=\"_blank\" rel=\"noopener noreferrer\">\r\n                            <img loading=\"lazy\" decoding=\"async\" width=\"1500\" height=\"1000\" src=\"https:\/\/davidquerol.com\/wp-content\/uploads\/2025\/10\/unknown-07.jpg\" class=\"attachment-full size-full wp-post-image\" alt=\"\" srcset=\"https:\/\/davidquerol.com\/wp-content\/uploads\/2025\/10\/unknown-07.jpg 1500w, https:\/\/davidquerol.com\/wp-content\/uploads\/2025\/10\/unknown-07-300x200.jpg 300w, https:\/\/davidquerol.com\/wp-content\/uploads\/2025\/10\/unknown-07-1024x683.jpg 1024w, https:\/\/davidquerol.com\/wp-content\/uploads\/2025\/10\/unknown-07-768x512.jpg 768w\" sizes=\"(max-width: 1500px) 100vw, 1500px\" \/>                        <\/a>\r\n                    <\/div>\r\n                                    <div class=\"swiper-slide\">\r\n                        <a href=\"https:\/\/davidquerol.com\/esp\/servicio-y-proyecto\/fotografia-arquitectura-callejera-barcelona\/\" target=\"_blank\" rel=\"noopener noreferrer\">\r\n                            <img loading=\"lazy\" decoding=\"async\" width=\"2000\" height=\"1333\" src=\"https:\/\/davidquerol.com\/wp-content\/uploads\/2026\/03\/fotografia-barcelona-parking.webp\" class=\"attachment-full size-full wp-post-image\" alt=\"\" srcset=\"https:\/\/davidquerol.com\/wp-content\/uploads\/2026\/03\/fotografia-barcelona-parking.webp 2000w, https:\/\/davidquerol.com\/wp-content\/uploads\/2026\/03\/fotografia-barcelona-parking-300x200.webp 300w, https:\/\/davidquerol.com\/wp-content\/uploads\/2026\/03\/fotografia-barcelona-parking-1024x682.webp 1024w, https:\/\/davidquerol.com\/wp-content\/uploads\/2026\/03\/fotografia-barcelona-parking-768x512.webp 768w, https:\/\/davidquerol.com\/wp-content\/uploads\/2026\/03\/fotografia-barcelona-parking-1536x1024.webp 1536w, https:\/\/davidquerol.com\/wp-content\/uploads\/2026\/03\/fotografia-barcelona-parking-18x12.webp 18w\" sizes=\"(max-width: 2000px) 100vw, 2000px\" \/>                        <\/a>\r\n                    <\/div>\r\n                                    <div class=\"swiper-slide\">\r\n                        <a href=\"https:\/\/davidquerol.com\/esp\/servicio-y-proyecto\/fotografia-inmobiliaria-lujo-sitges-vistas\/\" target=\"_blank\" rel=\"noopener noreferrer\">\r\n                            <img loading=\"lazy\" decoding=\"async\" width=\"2000\" height=\"1333\" src=\"https:\/\/davidquerol.com\/wp-content\/uploads\/2026\/03\/casa-sitges-barcelona-salon-piscina-infinity-mar-mediterraneo-vistas-09.webp\" class=\"attachment-full size-full wp-post-image\" alt=\"\" srcset=\"https:\/\/davidquerol.com\/wp-content\/uploads\/2026\/03\/casa-sitges-barcelona-salon-piscina-infinity-mar-mediterraneo-vistas-09.webp 2000w, https:\/\/davidquerol.com\/wp-content\/uploads\/2026\/03\/casa-sitges-barcelona-salon-piscina-infinity-mar-mediterraneo-vistas-09-300x200.webp 300w, https:\/\/davidquerol.com\/wp-content\/uploads\/2026\/03\/casa-sitges-barcelona-salon-piscina-infinity-mar-mediterraneo-vistas-09-1024x682.webp 1024w, https:\/\/davidquerol.com\/wp-content\/uploads\/2026\/03\/casa-sitges-barcelona-salon-piscina-infinity-mar-mediterraneo-vistas-09-768x512.webp 768w, https:\/\/davidquerol.com\/wp-content\/uploads\/2026\/03\/casa-sitges-barcelona-salon-piscina-infinity-mar-mediterraneo-vistas-09-1536x1024.webp 1536w, https:\/\/davidquerol.com\/wp-content\/uploads\/2026\/03\/casa-sitges-barcelona-salon-piscina-infinity-mar-mediterraneo-vistas-09-18x12.webp 18w\" sizes=\"(max-width: 2000px) 100vw, 2000px\" \/>                        <\/a>\r\n                    <\/div>\r\n                                    <div class=\"swiper-slide\">\r\n                        <a href=\"https:\/\/davidquerol.com\/esp\/servicio-y-proyecto\/fotografia-arquitectura-diagonal-mar-barcelona\/\" target=\"_blank\" rel=\"noopener noreferrer\">\r\n                            <img loading=\"lazy\" decoding=\"async\" width=\"2000\" height=\"1333\" src=\"https:\/\/davidquerol.com\/wp-content\/uploads\/2025\/09\/diagonal-mar-barcelona.webp\" class=\"attachment-full size-full wp-post-image\" alt=\"\" srcset=\"https:\/\/davidquerol.com\/wp-content\/uploads\/2025\/09\/diagonal-mar-barcelona.webp 2000w, https:\/\/davidquerol.com\/wp-content\/uploads\/2025\/09\/diagonal-mar-barcelona-300x200.webp 300w, https:\/\/davidquerol.com\/wp-content\/uploads\/2025\/09\/diagonal-mar-barcelona-1024x682.webp 1024w, https:\/\/davidquerol.com\/wp-content\/uploads\/2025\/09\/diagonal-mar-barcelona-768x512.webp 768w, https:\/\/davidquerol.com\/wp-content\/uploads\/2025\/09\/diagonal-mar-barcelona-1536x1024.webp 1536w, https:\/\/davidquerol.com\/wp-content\/uploads\/2025\/09\/diagonal-mar-barcelona-18x12.webp 18w\" sizes=\"(max-width: 2000px) 100vw, 2000px\" \/>                        <\/a>\r\n                    <\/div>\r\n                                    <div class=\"swiper-slide\">\r\n                        <a href=\"https:\/\/davidquerol.com\/esp\/servicio-y-proyecto\/tuna\/\" target=\"_blank\" rel=\"noopener noreferrer\">\r\n                            <img loading=\"lazy\" decoding=\"async\" width=\"2000\" height=\"1333\" src=\"https:\/\/davidquerol.com\/wp-content\/uploads\/2025\/07\/TUNA_001.webp\" class=\"attachment-full size-full wp-post-image\" alt=\"\" srcset=\"https:\/\/davidquerol.com\/wp-content\/uploads\/2025\/07\/TUNA_001.webp 2000w, https:\/\/davidquerol.com\/wp-content\/uploads\/2025\/07\/TUNA_001-300x200.webp 300w, https:\/\/davidquerol.com\/wp-content\/uploads\/2025\/07\/TUNA_001-1024x682.webp 1024w, https:\/\/davidquerol.com\/wp-content\/uploads\/2025\/07\/TUNA_001-768x512.webp 768w, https:\/\/davidquerol.com\/wp-content\/uploads\/2025\/07\/TUNA_001-1536x1024.webp 1536w, https:\/\/davidquerol.com\/wp-content\/uploads\/2025\/07\/TUNA_001-18x12.webp 18w\" sizes=\"(max-width: 2000px) 100vw, 2000px\" \/>                        <\/a>\r\n                    <\/div>\r\n                                    <div class=\"swiper-slide\">\r\n                        <a href=\"https:\/\/davidquerol.com\/esp\/servicio-y-proyecto\/fotografia-interiorismo-restaurante-bastardos-barcelona\/\" target=\"_blank\" rel=\"noopener noreferrer\">\r\n                            <img loading=\"lazy\" decoding=\"async\" width=\"2000\" height=\"1333\" src=\"https:\/\/davidquerol.com\/wp-content\/uploads\/2025\/09\/restaurante-bastardos-barcelona-sala-privada-04.webp\" class=\"attachment-full size-full wp-post-image\" alt=\"\" srcset=\"https:\/\/davidquerol.com\/wp-content\/uploads\/2025\/09\/restaurante-bastardos-barcelona-sala-privada-04.webp 2000w, https:\/\/davidquerol.com\/wp-content\/uploads\/2025\/09\/restaurante-bastardos-barcelona-sala-privada-04-300x200.webp 300w, https:\/\/davidquerol.com\/wp-content\/uploads\/2025\/09\/restaurante-bastardos-barcelona-sala-privada-04-1024x682.webp 1024w, https:\/\/davidquerol.com\/wp-content\/uploads\/2025\/09\/restaurante-bastardos-barcelona-sala-privada-04-768x512.webp 768w, https:\/\/davidquerol.com\/wp-content\/uploads\/2025\/09\/restaurante-bastardos-barcelona-sala-privada-04-1536x1024.webp 1536w, https:\/\/davidquerol.com\/wp-content\/uploads\/2025\/09\/restaurante-bastardos-barcelona-sala-privada-04-18x12.webp 18w\" sizes=\"(max-width: 2000px) 100vw, 2000px\" \/>                        <\/a>\r\n                    <\/div>\r\n                                    <div class=\"swiper-slide\">\r\n                        <a href=\"https:\/\/davidquerol.com\/esp\/servicio-y-proyecto\/dead-end\/\" target=\"_blank\" rel=\"noopener noreferrer\">\r\n                            <img loading=\"lazy\" decoding=\"async\" width=\"1500\" height=\"1000\" src=\"https:\/\/davidquerol.com\/wp-content\/uploads\/2025\/10\/unknown-04.jpg\" class=\"attachment-full size-full wp-post-image\" alt=\"\" srcset=\"https:\/\/davidquerol.com\/wp-content\/uploads\/2025\/10\/unknown-04.jpg 1500w, https:\/\/davidquerol.com\/wp-content\/uploads\/2025\/10\/unknown-04-300x200.jpg 300w, https:\/\/davidquerol.com\/wp-content\/uploads\/2025\/10\/unknown-04-1024x683.jpg 1024w, https:\/\/davidquerol.com\/wp-content\/uploads\/2025\/10\/unknown-04-768x512.jpg 768w\" sizes=\"(max-width: 1500px) 100vw, 1500px\" \/>                        <\/a>\r\n                    <\/div>\r\n                                    <div class=\"swiper-slide\">\r\n                        <a href=\"https:\/\/davidquerol.com\/esp\/servicio-y-proyecto\/blackout\/\" target=\"_blank\" rel=\"noopener noreferrer\">\r\n                            <img loading=\"lazy\" decoding=\"async\" width=\"1500\" height=\"1000\" src=\"https:\/\/davidquerol.com\/wp-content\/uploads\/2025\/07\/BLACKOUT-EXPO-02.jpg\" class=\"attachment-full size-full wp-post-image\" alt=\"\" srcset=\"https:\/\/davidquerol.com\/wp-content\/uploads\/2025\/07\/BLACKOUT-EXPO-02.jpg 1500w, https:\/\/davidquerol.com\/wp-content\/uploads\/2025\/07\/BLACKOUT-EXPO-02-300x200.jpg 300w, https:\/\/davidquerol.com\/wp-content\/uploads\/2025\/07\/BLACKOUT-EXPO-02-1024x683.jpg 1024w, https:\/\/davidquerol.com\/wp-content\/uploads\/2025\/07\/BLACKOUT-EXPO-02-768x512.jpg 768w\" sizes=\"(max-width: 1500px) 100vw, 1500px\" \/>                        <\/a>\r\n                    <\/div>\r\n                                    <div class=\"swiper-slide\">\r\n                        <a href=\"https:\/\/davidquerol.com\/esp\/servicio-y-proyecto\/fotografia-arquitectura-callejera-barcelona\/\" target=\"_blank\" rel=\"noopener noreferrer\">\r\n                            <img loading=\"lazy\" decoding=\"async\" width=\"2000\" height=\"1333\" src=\"https:\/\/davidquerol.com\/wp-content\/uploads\/2026\/03\/fotografia-barcelona-gotico.webp\" class=\"attachment-full size-full wp-post-image\" alt=\"\" srcset=\"https:\/\/davidquerol.com\/wp-content\/uploads\/2026\/03\/fotografia-barcelona-gotico.webp 2000w, https:\/\/davidquerol.com\/wp-content\/uploads\/2026\/03\/fotografia-barcelona-gotico-300x200.webp 300w, https:\/\/davidquerol.com\/wp-content\/uploads\/2026\/03\/fotografia-barcelona-gotico-1024x682.webp 1024w, https:\/\/davidquerol.com\/wp-content\/uploads\/2026\/03\/fotografia-barcelona-gotico-768x512.webp 768w, https:\/\/davidquerol.com\/wp-content\/uploads\/2026\/03\/fotografia-barcelona-gotico-1536x1024.webp 1536w, https:\/\/davidquerol.com\/wp-content\/uploads\/2026\/03\/fotografia-barcelona-gotico-18x12.webp 18w\" sizes=\"(max-width: 2000px) 100vw, 2000px\" \/>                        <\/a>\r\n                    <\/div>\r\n                            <\/div>\r\n            <div class=\"swiper-pagination\"><\/div>\r\n            <div class=\"swiper-button-next\"><\/div>\r\n            <div class=\"swiper-button-prev\"><\/div>\r\n        <\/div>\r\n\r\n        <script>\r\n        (function(){\r\n            function initMySwiper() {\r\n                if (typeof Swiper === 'undefined') {\r\n                    \/\/ reintentar hasta 20 veces cada 200ms si Swiper no est\u00e1 disponible a\u00fan\r\n                    if (!window._cdSwiperRetries) window._cdSwiperRetries = 0;\r\n                    if (window._cdSwiperRetries++ < 20) {\r\n                        setTimeout(initMySwiper, 200);\r\n                    } else {\r\n                        console.warn('Swiper no encontrado en la p\u00e1gina. Verifica que est\u00e9 cargado (Elementor\/tema).');\r\n                    }\r\n                    return;\r\n                }\r\n\r\n                \/\/ Inicializamos Swiper con efecto fade, autoplay continuo, y speed 1000ms\r\n                new Swiper(\".cd-carrusel\", {\r\n                    loop: true,\r\n                    effect: 'fade',\r\n                    fadeEffect: { crossFade: true },\r\n                    speed: 1000, \/\/ 1 segundo de animacion\r\n                    slidesPerView: 1,\r\n                    autoplay: {\r\n                        delay: 5000,           \/\/ cada 5 segundos\r\n                        disableOnInteraction: false, \/\/ no se detiene al interactuar\r\n                        pauseOnMouseEnter: false     \/\/ no pausa al pasar el mouse\r\n                    },\r\n                    pagination: { el: \".swiper-pagination\", clickable: true },\r\n                    navigation: { nextEl: \".swiper-button-next\", prevEl: \".swiper-button-prev\" },\r\n                    allowTouchMove: true\r\n                });\r\n            }\r\n\r\n            if (document.readyState === 'loading') {\r\n                document.addEventListener('DOMContentLoaded', initMySwiper);\r\n            } else {\r\n                initMySwiper();\r\n            }\r\n        })();\r\n        <\/script>\r\n        <\/div>\n\t\t\t\t\t\t<\/div>\n\t\t\t\t<\/div>\n\t\t\t\t<\/div>\n\t\t<a class=\"elementor-element elementor-element-65c069c e-flex e-con-boxed e-con e-parent\" data-id=\"65c069c\" data-element_type=\"container\" data-e-type=\"container\" data-settings=\"{&quot;background_background&quot;:&quot;classic&quot;,&quot;animation&quot;:&quot;none&quot;}\" data-no-translation=\"\" href=\"https:\/\/davidquerol.com\/esp\/servicio-y-proyecto\/arquitectura-diseno-interior\/\">\n\t\t\t\t\t<div class=\"e-con-inner\">\n\t\t<div class=\"elementor-element elementor-element-b911b94 e-con-full e-flex e-con e-child\" data-id=\"b911b94\" data-element_type=\"container\" data-e-type=\"container\">\n\t\t\t\t<div class=\"elementor-element elementor-element-08e7d68 elementor-widget elementor-widget-heading\" data-id=\"08e7d68\" data-element_type=\"widget\" data-e-type=\"widget\" data-widget_type=\"heading.default\">\n\t\t\t\t<div class=\"elementor-widget-container\">\n\t\t\t\t\t<p class=\"elementor-heading-title elementor-size-default\">ARQUITECTURA &amp; INTERIORISMO<\/p>\t\t\t\t<\/div>\n\t\t\t\t<\/div>\n\t\t\t\t<\/div>\n\t\t<div class=\"elementor-element elementor-element-feb8d80 e-con-full e-flex e-con e-child\" data-id=\"feb8d80\" data-element_type=\"container\" data-e-type=\"container\">\n\t\t\t\t<\/div>\n\t\t\t\t\t<\/div>\n\t\t\t\t<\/a>\n\t\t<a class=\"elementor-element elementor-element-6ca93fe e-flex e-con-boxed e-con e-parent\" data-id=\"6ca93fe\" data-element_type=\"container\" data-e-type=\"container\" data-settings=\"{&quot;background_background&quot;:&quot;classic&quot;,&quot;animation&quot;:&quot;none&quot;}\" data-no-translation=\"\" href=\"https:\/\/davidquerol.com\/esp\/servicio-y-proyecto\/bellas-artes\/\">\n\t\t\t\t\t<div class=\"e-con-inner\">\n\t\t<div class=\"elementor-element elementor-element-6b9c3e5 e-con-full e-flex e-con e-child\" data-id=\"6b9c3e5\" data-element_type=\"container\" data-e-type=\"container\">\n\t\t\t\t<div class=\"elementor-element elementor-element-99bf12e elementor-widget elementor-widget-heading\" data-id=\"99bf12e\" data-element_type=\"widget\" data-e-type=\"widget\" data-widget_type=\"heading.default\">\n\t\t\t\t<div class=\"elementor-widget-container\">\n\t\t\t\t\t<p class=\"elementor-heading-title elementor-size-default\">FOTOGRAFIA DE AUTOR\n<\/p>\t\t\t\t<\/div>\n\t\t\t\t<\/div>\n\t\t\t\t<\/div>\n\t\t<div class=\"elementor-element elementor-element-ebe4b9f e-con-full e-flex e-con e-child\" data-id=\"ebe4b9f\" data-element_type=\"container\" data-e-type=\"container\">\n\t\t\t\t<\/div>\n\t\t\t\t\t<\/div>\n\t\t\t\t<\/a>\n\t\t<a class=\"elementor-element elementor-element-ef97c6e e-flex e-con-boxed e-con e-parent\" data-id=\"ef97c6e\" data-element_type=\"container\" data-e-type=\"container\" data-settings=\"{&quot;background_background&quot;:&quot;classic&quot;}\" data-no-translation=\"\" href=\"https:\/\/davidquerol.com\/esp\/servicio-y-proyecto\/sesiones-de-fotografia-barcelona\/\">\n\t\t\t\t\t<div class=\"e-con-inner\">\n\t\t<div class=\"elementor-element elementor-element-bc116e6 e-con-full e-flex e-con e-child\" data-id=\"bc116e6\" data-element_type=\"container\" data-e-type=\"container\">\n\t\t\t\t<div class=\"elementor-element elementor-element-8c0688c elementor-widget elementor-widget-heading\" data-id=\"8c0688c\" data-element_type=\"widget\" data-e-type=\"widget\" data-widget_type=\"heading.default\">\n\t\t\t\t<div class=\"elementor-widget-container\">\n\t\t\t\t\t<p class=\"elementor-heading-title elementor-size-default\">OTROS TRABAJOS\n<\/p>\t\t\t\t<\/div>\n\t\t\t\t<\/div>\n\t\t\t\t<\/div>\n\t\t<div class=\"elementor-element elementor-element-e73a867 e-con-full e-flex e-con e-child\" data-id=\"e73a867\" data-element_type=\"container\" data-e-type=\"container\">\n\t\t\t\t<\/div>\n\t\t\t\t\t<\/div>\n\t\t\t\t<\/a>\n\t\t<div class=\"elementor-element elementor-element-b6fd152 e-con-full e-flex e-con e-parent\" data-id=\"b6fd152\" data-element_type=\"container\" data-e-type=\"container\" data-settings=\"{&quot;background_background&quot;:&quot;classic&quot;}\">\n\t\t\t\t<div class=\"elementor-element elementor-element-5c73a0a elementor-widget__width-inherit custom-masonry-grid elementor-widget elementor-widget-ucaddon_masonry_post_grid\" data-id=\"5c73a0a\" data-element_type=\"widget\" data-e-type=\"widget\" data-widget_type=\"ucaddon_masonry_post_grid.default\">\n\t\t\t\t<div class=\"elementor-widget-container\">\n\t\t\t\t\t\n<!-- start Masonry Post Grid -->\n<style>\/* widget: Masonry Post Grid *\/\n\n#uc_masonry_post_grid_elementor_5c73a0a {     \n  padding: 0;\n  position:relative;    \n}\n\n\n.ue-grid-item-category a{\n  display:inline-block;\n  font-size:10px;  \n}\n\n#uc_masonry_post_grid_elementor_5c73a0a .masonryPostGridItem {\n    display: block;\n    width: 100%;\n    box-sizing: border-box;\n    overflow:hidden;\n    position:absolute;\n  \tleft: 0;\n  \ttop: 0;\n}\n\n#uc_masonry_post_grid_elementor_5c73a0a .masonryPostGridItemInner{\n  position:relative;\n}\n\n#uc_masonry_post_grid_elementor_5c73a0a .masonryPostGridItem img{\n  width:100%; \n  display:block;\n}\n\n#uc_masonry_post_grid_elementor_5c73a0a  .ue-item-image-wrap{\n  position:relative;\n}\n\n#uc_masonry_post_grid_elementor_5c73a0a  .ue-item-image-wrap img{\n  transition:0.3s;\n}\n\n  #uc_masonry_post_grid_elementor_5c73a0a .make_all_content_link{\n    position:absolute;\n    display:block;\n    top:0px;\n    bottom:0px;\n    left:0px;\n    right:0px;\n  }\n\n#uc_masonry_post_grid_elementor_5c73a0a .masonryPostGridItemContent{\n  transition:0.4s;\n  position:relative;\n}\n\n#uc_masonry_post_grid_elementor_5c73a0a .masonryPostGridItemTitle{\n  transition:0.4s;\n  text-decoration:none;\n}\n\n#uc_masonry_post_grid_elementor_5c73a0a .masonryPostGridItemText{\n  transition:0.4s;\n}\n\n#uc_masonry_post_grid_elementor_5c73a0a .masonryPostGridItemButton{\n  display:inline-block;\n}\n\n\n  #uc_masonry_post_grid_elementor_5c73a0a .masonryPostGridItemContent  {\n    position:absolute;\n    top:0px;\n    left:0px;\n    bottom:0px;\n    right:0px;\n    display:flex;\n    flex-direction:column;\n    opacity:0;\n    transition:1s;\n  }\n\n#uc_masonry_post_grid_elementor_5c73a0a .masonryPostGridItem:hover .masonryPostGridItemContent{\n  opacity: 1;\n}\n\t\n\n\n\n@media screen and (max-width: 767px) {\n  \n  #uc_masonry_post_grid_elementor_5c73a0a{\n    min-width: unset !important;\n  }\n  \n  #uc_masonry_post_grid_elementor_5c73a0a .masonryPostGridItem{\n  \tmax-width: 100%;\n  }\n  \n}\n\n<\/style>\n\n<div id=\"uc_masonry_post_grid_elementor_5c73a0a\" class=\"masonryPostGrid uc-items-wrapper uc-filterable-grid\"  data-ajax='true'  data-filterbehave='ajax'  querydata='{&quot;count_posts&quot;:6,&quot;total_posts&quot;:6,&quot;page&quot;:1,&quot;num_pages&quot;:1}' data-custom-field=\"false\" data-custom-char-num=\"100\">  \n  <div class=\"masonryPostGridItem\" >\n  <div class=\"masonryPostGridItemInner elementor-animation-grow\" >\n  \n    <div class=\"ue-item-image-wrap\">\n      <a class=\"\" href='https:\/\/davidquerol.com\/esp\/servicio-y-proyecto\/fotografia-interiorismo-barcelona-arsenal-femenino\/'>\n       <img loading=\"lazy\" decoding=\"async\" src=\"https:\/\/davidquerol.com\/wp-content\/uploads\/2025\/07\/ferruz-arsenal-barcelona-768x1152.webp\"  alt=\"Sillas de colores y mesa en restaurante coworking de un gimnasio en Barcelona\" width=\"768\" height=\"1152\"> \n      <\/a>  \n    <\/div>\n  \n    <div class=\"masonryPostGridItemContent\">\n      \n            <a class=\"\" href='https:\/\/davidquerol.com\/esp\/servicio-y-proyecto\/fotografia-interiorismo-barcelona-arsenal-femenino\/'>       <div class=\"masonryPostGridItemTitle\">\n          ARSENAL\n        <\/div>\n      <\/a>          \n      \n          \n      \n                      \t\n      \t\n              \n      <a class=\"make_all_content_link\" href='https:\/\/davidquerol.com\/esp\/servicio-y-proyecto\/fotografia-interiorismo-barcelona-arsenal-femenino\/'><\/a>    <\/div>\n\t<\/div>\n<\/div>\n<!-- end of item -->\n<div class=\"masonryPostGridItem\" >\n  <div class=\"masonryPostGridItemInner elementor-animation-grow\" >\n  \n    <div class=\"ue-item-image-wrap\">\n      <a class=\"\" href='https:\/\/davidquerol.com\/esp\/servicio-y-proyecto\/fotografia-arquitectura-barcelona-ciutat-justicia\/'>\n       <img loading=\"lazy\" decoding=\"async\" src=\"https:\/\/davidquerol.com\/wp-content\/uploads\/2025\/09\/chipperfield-ciutat-justicia-barcelona-768x1152.webp\"  alt=\"Juego de luz y sombras en la fachada de un edificio de la Ciutat de la Justicia en Barcelona\" width=\"768\" height=\"1152\"> \n      <\/a>  \n    <\/div>\n  \n    <div class=\"masonryPostGridItemContent\">\n      \n            <a class=\"\" href='https:\/\/davidquerol.com\/esp\/servicio-y-proyecto\/fotografia-arquitectura-barcelona-ciutat-justicia\/'>       <div class=\"masonryPostGridItemTitle\">\n          CIUTAT DE LA JUSTICIA\n        <\/div>\n      <\/a>          \n      \n          \n      \n                      \t\n      \t\n              \n      <a class=\"make_all_content_link\" href='https:\/\/davidquerol.com\/esp\/servicio-y-proyecto\/fotografia-arquitectura-barcelona-ciutat-justicia\/'><\/a>    <\/div>\n\t<\/div>\n<\/div>\n<!-- end of item -->\n<div class=\"masonryPostGridItem\" >\n  <div class=\"masonryPostGridItemInner elementor-animation-grow\" >\n  \n    <div class=\"ue-item-image-wrap\">\n      <a class=\"\" href='https:\/\/davidquerol.com\/esp\/servicio-y-proyecto\/fotografia-interiorismo-lujo-pau-claris-barcelona\/'>\n       <img loading=\"lazy\" decoding=\"async\" src=\"https:\/\/davidquerol.com\/wp-content\/uploads\/2025\/09\/pau-claris-barcelona-768x1152.webp\"  alt=\"reflejo de mesa sal\u00f3n en una cuadro de la artista l\u00eddia masllorens en Barcelona\" width=\"768\" height=\"1152\"> \n      <\/a>  \n    <\/div>\n  \n    <div class=\"masonryPostGridItemContent\">\n      \n            <a class=\"\" href='https:\/\/davidquerol.com\/esp\/servicio-y-proyecto\/fotografia-interiorismo-lujo-pau-claris-barcelona\/'>       <div class=\"masonryPostGridItemTitle\">\n          PAU CLARIS\n        <\/div>\n      <\/a>          \n      \n          \n      \n                      \t\n      \t\n              \n      <a class=\"make_all_content_link\" href='https:\/\/davidquerol.com\/esp\/servicio-y-proyecto\/fotografia-interiorismo-lujo-pau-claris-barcelona\/'><\/a>    <\/div>\n\t<\/div>\n<\/div>\n<!-- end of item -->\n<div class=\"masonryPostGridItem\" >\n  <div class=\"masonryPostGridItemInner elementor-animation-grow\" >\n  \n    <div class=\"ue-item-image-wrap\">\n      <a class=\"\" href='https:\/\/davidquerol.com\/esp\/servicio-y-proyecto\/fotografia-arquitectura-diagonal-mar-barcelona\/'>\n       <img loading=\"lazy\" decoding=\"async\" src=\"https:\/\/davidquerol.com\/wp-content\/uploads\/2025\/09\/diagonal-mar-barcelona-768x512.webp\"  alt=\"Detalle decoraci\u00f3n de jarro y piedra con sombras lineales de fondo de apartamento en Diagonal Mar Barcelona.\" width=\"768\" height=\"512\"> \n      <\/a>  \n    <\/div>\n  \n    <div class=\"masonryPostGridItemContent\">\n      \n            <a class=\"\" href='https:\/\/davidquerol.com\/esp\/servicio-y-proyecto\/fotografia-arquitectura-diagonal-mar-barcelona\/'>       <div class=\"masonryPostGridItemTitle\">\n          DIAGONAL MAR\n        <\/div>\n      <\/a>          \n      \n          \n      \n                      \t\n      \t\n              \n      <a class=\"make_all_content_link\" href='https:\/\/davidquerol.com\/esp\/servicio-y-proyecto\/fotografia-arquitectura-diagonal-mar-barcelona\/'><\/a>    <\/div>\n\t<\/div>\n<\/div>\n<!-- end of item -->\n<div class=\"masonryPostGridItem\" >\n  <div class=\"masonryPostGridItemInner elementor-animation-grow\" >\n  \n    <div class=\"ue-item-image-wrap\">\n      <a class=\"\" href='https:\/\/davidquerol.com\/esp\/servicio-y-proyecto\/fotografia-arquitectura-matadepera-barcelona\/'>\n       <img loading=\"lazy\" decoding=\"async\" src=\"https:\/\/davidquerol.com\/wp-content\/uploads\/2025\/09\/bao-arquitectura-casa-matadepera-768x512.webp\"  alt=\"Vestidor con luces encendidas de habitaci\u00f3n principal, con reflejos, ba\u00f1o al final y vistas al paisaje de una casa en Barcelona.\" width=\"768\" height=\"512\"> \n      <\/a>  \n    <\/div>\n  \n    <div class=\"masonryPostGridItemContent\">\n      \n            <a class=\"\" href='https:\/\/davidquerol.com\/esp\/servicio-y-proyecto\/fotografia-arquitectura-matadepera-barcelona\/'>       <div class=\"masonryPostGridItemTitle\">\n          MATADEPERA\n        <\/div>\n      <\/a>          \n      \n          \n      \n                      \t\n      \t\n              \n      <a class=\"make_all_content_link\" href='https:\/\/davidquerol.com\/esp\/servicio-y-proyecto\/fotografia-arquitectura-matadepera-barcelona\/'><\/a>    <\/div>\n\t<\/div>\n<\/div>\n<!-- end of item -->\n<div class=\"masonryPostGridItem\" >\n  <div class=\"masonryPostGridItemInner elementor-animation-grow\" >\n  \n    <div class=\"ue-item-image-wrap\">\n      <a class=\"\" href='https:\/\/davidquerol.com\/esp\/servicio-y-proyecto\/fotografia-arquitectura-barcelona-loft-david-querol\/'>\n       <img loading=\"lazy\" decoding=\"async\" src=\"https:\/\/davidquerol.com\/wp-content\/uploads\/2025\/11\/loft-passatge-sert-barcelona-768x512.webp\"  alt=\"Sal\u00f3n comedor de Loft di\u00e1fano en Barcelona con ladrillo gris, ventanas altas y silla naranja.\" width=\"768\" height=\"512\"> \n      <\/a>  \n    <\/div>\n  \n    <div class=\"masonryPostGridItemContent\">\n      \n            <a class=\"\" href='https:\/\/davidquerol.com\/esp\/servicio-y-proyecto\/fotografia-arquitectura-barcelona-loft-david-querol\/'>       <div class=\"masonryPostGridItemTitle\">\n          SERT\n        <\/div>\n      <\/a>          \n      \n          \n      \n                      \t\n      \t\n              \n      <a class=\"make_all_content_link\" href='https:\/\/davidquerol.com\/esp\/servicio-y-proyecto\/fotografia-arquitectura-barcelona-loft-david-querol\/'><\/a>    <\/div>\n\t<\/div>\n<\/div>\n<!-- end of item -->\n\n<\/div>\n\n\n<!-- end Masonry Post Grid -->\t\t\t\t<\/div>\n\t\t\t\t<\/div>\n\t\t\t\t<div class=\"elementor-element elementor-element-4bb7744 elementor-invisible elementor-widget elementor-widget-heading\" data-id=\"4bb7744\" data-element_type=\"widget\" data-e-type=\"widget\" data-settings=\"{&quot;_animation&quot;:&quot;fadeInUp&quot;,&quot;_animation_delay&quot;:500}\" data-no-translation=\"\" data-widget_type=\"heading.default\">\n\t\t\t\t<div class=\"elementor-widget-container\">\n\t\t\t\t\t<style>.elementor-element-4bb7744{display:none !important}<\/style>\t\t\t\t<\/div>\n\t\t\t\t<\/div>\n\t\t\t\t<div class=\"elementor-element elementor-element-b34a658 elementor-invisible elementor-widget elementor-widget-heading\" data-id=\"b34a658\" data-element_type=\"widget\" data-e-type=\"widget\" data-settings=\"{&quot;_animation&quot;:&quot;fadeInUp&quot;,&quot;_animation_delay&quot;:500}\" data-no-translation=\"\" data-widget_type=\"heading.default\">\n\t\t\t\t<div class=\"elementor-widget-container\">\n\t\t\t\t\t<p class=\"elementor-heading-title elementor-size-default\"><a href=\"https:\/\/davidquerol.com\/esp\/contacto\/\">\u00bfTienes un proyecto de arquitectura o interiorismo?<br>Estar\u00e9 encantado de fotografiarlo.<br>Hablemos \u2192<\/a><\/p>\t\t\t\t<\/div>\n\t\t\t\t<\/div>\n\t\t\t\t<div class=\"elementor-element elementor-element-a45a0a8 elementor-invisible elementor-widget elementor-widget-heading\" data-id=\"a45a0a8\" data-element_type=\"widget\" data-e-type=\"widget\" data-settings=\"{&quot;_animation&quot;:&quot;fadeInUp&quot;,&quot;_animation_delay&quot;:500}\" data-no-translation=\"\" data-widget_type=\"heading.default\">\n\t\t\t\t<div class=\"elementor-widget-container\">\n\t\t\t\t\t<style>.elementor-element-a45a0a8{display:none !important}<\/style>\t\t\t\t<\/div>\n\t\t\t\t<\/div>\n\t\t\t\t<\/div>\n\t\t\t\t<\/div>","protected":false},"excerpt":{"rendered":"<p>david querol photography Fot\u00f3grafo de arquitectura e interiorismo en Barcelona. Con formaci\u00f3n como arquitecto, aporto im\u00e1genes a interioristas y arquitectos para mostrar sus proyectos. ARCHITECTURE &amp; INTERIOR DESIGN ARQUITECTURA &amp; INTERIORISMO ARQUITECTURA &amp; INTERIORISME FINE ART FOTOGRAFIA DE AUTOR FOTOGRAFIA D&#8217;AUTOR OTHER WORKS OTROS TRABAJOS ALTRES TREBALLS ARSENAL CIUTAT DE LA JUSTICIA PAU CLARIS DIAGONAL [&hellip;]<\/p>\n","protected":false},"author":2,"featured_media":0,"parent":0,"menu_order":0,"comment_status":"closed","ping_status":"closed","template":"","meta":{"_acf_changed":false,"footnotes":""},"class_list":["post-17","page","type-page","status-publish","hentry"],"acf":[],"yoast_head":"<!-- This site is optimized with the Yoast SEO plugin v27.5 - https:\/\/yoast.com\/product\/yoast-seo-wordpress\/ -->\n<title>David Querol - Fot\u00f3grafo de Arquitectura e Interiorismo, Barcelona<\/title>\n<meta name=\"description\" content=\"Soy fot\u00f3grafo con formaci\u00f3n de arquitecto especializado en Fotograf\u00eda de Arquitectura e Interiorismo en Barcelona.\" \/>\n<meta name=\"robots\" content=\"index, follow, max-snippet:-1, max-image-preview:large, max-video-preview:-1\" \/>\n<link rel=\"canonical\" href=\"https:\/\/davidquerol.com\/esp\/\" \/>\n<meta property=\"og:locale\" content=\"es_ES\" \/>\n<meta property=\"og:type\" content=\"article\" \/>\n<meta property=\"og:title\" content=\"David Querol - Fot\u00f3grafo de Arquitectura e Interiorismo, Barcelona\" \/>\n<meta property=\"og:description\" content=\"Soy fot\u00f3grafo con formaci\u00f3n de arquitecto especializado en Fotograf\u00eda de Arquitectura e Interiorismo en Barcelona.\" \/>\n<meta property=\"og:url\" content=\"https:\/\/davidquerol.com\/esp\/\" \/>\n<meta property=\"og:site_name\" content=\"David Querol\" \/>\n<meta property=\"article:modified_time\" content=\"2026-04-15T10:11:45+00:00\" \/>\n<meta property=\"og:image\" content=\"https:\/\/davidquerol.com\/wp-content\/uploads\/2025\/07\/ferruz-arsenal-barcelona-768x1152.webp\" \/>\n<meta name=\"twitter:card\" content=\"summary_large_image\" \/>\n<meta name=\"twitter:label1\" content=\"Tiempo de lectura\" \/>\n\t<meta name=\"twitter:data1\" content=\"2 minutos\" \/>\n<script type=\"application\/ld+json\" class=\"yoast-schema-graph\">{\"@context\":\"https:\\\/\\\/schema.org\",\"@graph\":[{\"@type\":\"WebPage\",\"@id\":\"https:\\\/\\\/davidquerol.com\\\/\",\"url\":\"https:\\\/\\\/davidquerol.com\\\/\",\"name\":\"David Querol - Fot\u00f3grafo de Arquitectura e Interiorismo, Barcelona\",\"isPartOf\":{\"@id\":\"https:\\\/\\\/davidquerol.com\\\/#website\"},\"primaryImageOfPage\":{\"@id\":\"https:\\\/\\\/davidquerol.com\\\/#primaryimage\"},\"image\":{\"@id\":\"https:\\\/\\\/davidquerol.com\\\/#primaryimage\"},\"thumbnailUrl\":\"https:\\\/\\\/davidquerol.com\\\/wp-content\\\/uploads\\\/2025\\\/07\\\/ferruz-arsenal-barcelona-768x1152.webp\",\"datePublished\":\"2025-07-21T14:22:10+00:00\",\"dateModified\":\"2026-04-15T10:11:45+00:00\",\"description\":\"Soy fot\u00f3grafo con formaci\u00f3n de arquitecto especializado en Fotograf\u00eda de Arquitectura e Interiorismo en Barcelona.\",\"breadcrumb\":{\"@id\":\"https:\\\/\\\/davidquerol.com\\\/#breadcrumb\"},\"inLanguage\":\"es\",\"potentialAction\":[{\"@type\":\"ReadAction\",\"target\":[\"https:\\\/\\\/davidquerol.com\\\/\"]}]},{\"@type\":\"ImageObject\",\"inLanguage\":\"es\",\"@id\":\"https:\\\/\\\/davidquerol.com\\\/#primaryimage\",\"url\":\"https:\\\/\\\/davidquerol.com\\\/wp-content\\\/uploads\\\/2025\\\/07\\\/ferruz-arsenal-barcelona-768x1152.webp\",\"contentUrl\":\"https:\\\/\\\/davidquerol.com\\\/wp-content\\\/uploads\\\/2025\\\/07\\\/ferruz-arsenal-barcelona-768x1152.webp\"},{\"@type\":\"BreadcrumbList\",\"@id\":\"https:\\\/\\\/davidquerol.com\\\/#breadcrumb\",\"itemListElement\":[{\"@type\":\"ListItem\",\"position\":1,\"name\":\"Portada\",\"item\":\"https:\\\/\\\/davidquerol.com\\\/\"},{\"@type\":\"ListItem\",\"position\":2,\"name\":\"Home\"}]},{\"@type\":\"WebSite\",\"@id\":\"https:\\\/\\\/davidquerol.com\\\/#website\",\"url\":\"https:\\\/\\\/davidquerol.com\\\/\",\"name\":\"David Querol\",\"description\":\"Photography\",\"potentialAction\":[{\"@type\":\"SearchAction\",\"target\":{\"@type\":\"EntryPoint\",\"urlTemplate\":\"https:\\\/\\\/davidquerol.com\\\/?s={search_term_string}\"},\"query-input\":{\"@type\":\"PropertyValueSpecification\",\"valueRequired\":true,\"valueName\":\"search_term_string\"}}],\"inLanguage\":\"es\"}]}<\/script>\n<!-- \/ Yoast SEO plugin. -->","yoast_head_json":{"title":"David Querol - Fot\u00f3grafo de Arquitectura e Interiorismo, Barcelona","description":"Soy fot\u00f3grafo con formaci\u00f3n de arquitecto especializado en Fotograf\u00eda de Arquitectura e Interiorismo en Barcelona.","robots":{"index":"index","follow":"follow","max-snippet":"max-snippet:-1","max-image-preview":"max-image-preview:large","max-video-preview":"max-video-preview:-1"},"canonical":"https:\/\/davidquerol.com\/esp\/","og_locale":"es_ES","og_type":"article","og_title":"David Querol - Fot\u00f3grafo de Arquitectura e Interiorismo, Barcelona","og_description":"Soy fot\u00f3grafo con formaci\u00f3n de arquitecto especializado en Fotograf\u00eda de Arquitectura e Interiorismo en Barcelona.","og_url":"https:\/\/davidquerol.com\/esp\/","og_site_name":"David Querol","article_modified_time":"2026-04-15T10:11:45+00:00","og_image":[{"url":"https:\/\/davidquerol.com\/wp-content\/uploads\/2025\/07\/ferruz-arsenal-barcelona-768x1152.webp","type":"","width":"","height":""}],"twitter_card":"summary_large_image","twitter_misc":{"Tiempo de lectura":"2 minutos"},"schema":{"@context":"https:\/\/schema.org","@graph":[{"@type":"WebPage","@id":"https:\/\/davidquerol.com\/","url":"https:\/\/davidquerol.com\/","name":"David Querol - Fot\u00f3grafo de Arquitectura e Interiorismo, Barcelona","isPartOf":{"@id":"https:\/\/davidquerol.com\/#website"},"primaryImageOfPage":{"@id":"https:\/\/davidquerol.com\/#primaryimage"},"image":{"@id":"https:\/\/davidquerol.com\/#primaryimage"},"thumbnailUrl":"https:\/\/davidquerol.com\/wp-content\/uploads\/2025\/07\/ferruz-arsenal-barcelona-768x1152.webp","datePublished":"2025-07-21T14:22:10+00:00","dateModified":"2026-04-15T10:11:45+00:00","description":"Soy fot\u00f3grafo con formaci\u00f3n de arquitecto especializado en Fotograf\u00eda de Arquitectura e Interiorismo en Barcelona.","breadcrumb":{"@id":"https:\/\/davidquerol.com\/#breadcrumb"},"inLanguage":"es","potentialAction":[{"@type":"ReadAction","target":["https:\/\/davidquerol.com\/"]}]},{"@type":"ImageObject","inLanguage":"es","@id":"https:\/\/davidquerol.com\/#primaryimage","url":"https:\/\/davidquerol.com\/wp-content\/uploads\/2025\/07\/ferruz-arsenal-barcelona-768x1152.webp","contentUrl":"https:\/\/davidquerol.com\/wp-content\/uploads\/2025\/07\/ferruz-arsenal-barcelona-768x1152.webp"},{"@type":"BreadcrumbList","@id":"https:\/\/davidquerol.com\/#breadcrumb","itemListElement":[{"@type":"ListItem","position":1,"name":"Portada","item":"https:\/\/davidquerol.com\/"},{"@type":"ListItem","position":2,"name":"Home"}]},{"@type":"WebSite","@id":"https:\/\/davidquerol.com\/#website","url":"https:\/\/davidquerol.com\/","name":"David Querol","description":"Photography","potentialAction":[{"@type":"SearchAction","target":{"@type":"EntryPoint","urlTemplate":"https:\/\/davidquerol.com\/?s={search_term_string}"},"query-input":{"@type":"PropertyValueSpecification","valueRequired":true,"valueName":"search_term_string"}}],"inLanguage":"es"}]}},"_links":{"self":[{"href":"https:\/\/davidquerol.com\/esp\/wp-json\/wp\/v2\/pages\/17","targetHints":{"allow":["GET"]}}],"collection":[{"href":"https:\/\/davidquerol.com\/esp\/wp-json\/wp\/v2\/pages"}],"about":[{"href":"https:\/\/davidquerol.com\/esp\/wp-json\/wp\/v2\/types\/page"}],"author":[{"embeddable":true,"href":"https:\/\/davidquerol.com\/esp\/wp-json\/wp\/v2\/users\/2"}],"replies":[{"embeddable":true,"href":"https:\/\/davidquerol.com\/esp\/wp-json\/wp\/v2\/comments?post=17"}],"version-history":[{"count":1324,"href":"https:\/\/davidquerol.com\/esp\/wp-json\/wp\/v2\/pages\/17\/revisions"}],"predecessor-version":[{"id":5500,"href":"https:\/\/davidquerol.com\/esp\/wp-json\/wp\/v2\/pages\/17\/revisions\/5500"}],"wp:attachment":[{"href":"https:\/\/davidquerol.com\/esp\/wp-json\/wp\/v2\/media?parent=17"}],"curies":[{"name":"wp","href":"https:\/\/api.w.org\/{rel}","templated":true}]}}